  {"id":8408,"date":"2017-04-24T16:50:09","date_gmt":"2017-04-24T16:50:09","guid":{"rendered":"https:\/\/www.un.org\/unispal\/?page_id=8408"},"modified":"2021-08-18T16:11:06","modified_gmt":"2021-08-18T20:11:06","slug":"index","status":"publish","type":"page","link":"https:\/\/www.un.org\/unispal\/fr\/","title":{"rendered":"Accueil"},"content":{"rendered":"<p><div class=\"fusion-fullwidth fullwidth-box fusion-builder-row-1 fusion-flex-container hundred-percent-fullwidth non-hundred-percent-height-scrolling\" style=\"--awb-border-radius-top-left:0px;--awb-border-radius-top-right:0px;--awb-border-radius-bottom-right:0px;--awb-border-radius-bottom-left:0px;--awb-overflow:visible;--awb-flex-wrap:wrap;\" ><div class=\"fusion-builder-row fusion-row fusion-flex-align-items-flex-start fusion-flex-content-wrap\" style=\"width:104% !important;max-width:104% !important;margin-left: calc(-4% \/ 2 );margin-right: calc(-4% \/ 2 );\"><div class=\"fusion-layout-column fusion_builder_column fusion-builder-column-0 fusion_builder_column_1_1 1_1 fusion-flex-column\" style=\"--awb-bg-size:cover;--awb-width-large:100%;--awb-margin-top-large:0px;--awb-spacing-right-large:1.92%;--awb-margin-bottom-large:20px;--awb-spacing-left-large:1.92%;--awb-width-medium:100%;--awb-spacing-right-medium:1.92%;--awb-spacing-left-medium:1.92%;--awb-width-small:100%;--awb-spacing-right-small:1.92%;--awb-spacing-left-small:1.92%;\"><div class=\"fusion-column-wrapper fusion-flex-justify-content-flex-start fusion-content-layout-column\"><script type=\"text\/javascript\">jQuery(function() { _initLayerSlider( '#layerslider_10_a4qz1yhciiq5', {createdWith: '6.11.2', sliderVersion: '7.11.1', allowFullscreen: true, slideDuration: 9999, pauseOnHover: 'enabled', skin: 'v6', sliderFadeInDuration: 350, useSrcset: true, skinsPath: 'https:\/\/www.un.org\/unispal\/fr\/wp-content\/plugins\/LayerSlider\/assets\/static\/layerslider\/skins\/', performanceMode: true}); });<\/script><div id=\"layerslider_10_a4qz1yhciiq5\"  class=\"ls-wp-container fitvidsignore ls-selectable\" style=\"width:1280px;height:720px;margin:0 auto;margin-bottom: 0px;\"><div class=\"ls-slide\" ><img decoding=\"async\" width=\"1280\" height=\"720\" src=\"https:\/\/www.un.org\/unispal\/fr\/wp-content\/uploads\/sites\/10\/2024\/08\/ls-project-10-slide-1.jpg\" class=\"ls-tn\" alt=\"\" srcset=\"https:\/\/www.un.org\/unispal\/fr\/wp-content\/uploads\/sites\/10\/2024\/08\/ls-project-10-slide-1-200x113.jpg 200w, https:\/\/www.un.org\/unispal\/fr\/wp-content\/uploads\/sites\/10\/2024\/08\/ls-project-10-slide-1-300x169.jpg 300w, https:\/\/www.un.org\/unispal\/fr\/wp-content\/uploads\/sites\/10\/2024\/08\/ls-project-10-slide-1-400x225.jpg 400w, https:\/\/www.un.org\/unispal\/fr\/wp-content\/uploads\/sites\/10\/2024\/08\/ls-project-10-slide-1-600x338.jpg 600w, https:\/\/www.un.org\/unispal\/fr\/wp-content\/uploads\/sites\/10\/2024\/08\/ls-project-10-slide-1-768x432.jpg 768w, https:\/\/www.un.org\/unispal\/fr\/wp-content\/uploads\/sites\/10\/2024\/08\/ls-project-10-slide-1-800x450.jpg 800w, https:\/\/www.un.org\/unispal\/fr\/wp-content\/uploads\/sites\/10\/2024\/08\/ls-project-10-slide-1-1024x576.jpg 1024w, https:\/\/www.un.org\/unispal\/fr\/wp-content\/uploads\/sites\/10\/2024\/08\/ls-project-10-slide-1-1200x675.jpg 1200w, https:\/\/www.un.org\/unispal\/fr\/wp-content\/uploads\/sites\/10\/2024\/08\/ls-project-10-slide-1.jpg 1280w\" sizes=\"(max-width: 1280px) 100vw, 1280px\" \/><a style=\"\" class=\"ls-l\" href=\"https:\/\/www.un.org\/unispal\/2024-solidarity-day\/\" target=\"_self\"><img decoding=\"async\" width=\"1280\" height=\"720\" src=\"https:\/\/www.un.org\/unispal\/fr\/wp-content\/uploads\/sites\/10\/2024\/11\/2024-solidarity-day-backdrop-French.png\" class=\"ls-img-layer\" alt=\"\" srcset=\"https:\/\/www.un.org\/unispal\/fr\/wp-content\/uploads\/sites\/10\/2024\/11\/2024-solidarity-day-backdrop-French-200x113.png 200w, https:\/\/www.un.org\/unispal\/fr\/wp-content\/uploads\/sites\/10\/2024\/11\/2024-solidarity-day-backdrop-French-300x169.png 300w, https:\/\/www.un.org\/unispal\/fr\/wp-content\/uploads\/sites\/10\/2024\/11\/2024-solidarity-day-backdrop-French-400x225.png 400w, https:\/\/www.un.org\/unispal\/fr\/wp-content\/uploads\/sites\/10\/2024\/11\/2024-solidarity-day-backdrop-French-600x338.png 600w, https:\/\/www.un.org\/unispal\/fr\/wp-content\/uploads\/sites\/10\/2024\/11\/2024-solidarity-day-backdrop-French-768x432.png 768w, https:\/\/www.un.org\/unispal\/fr\/wp-content\/uploads\/sites\/10\/2024\/11\/2024-solidarity-day-backdrop-French-800x450.png 800w, https:\/\/www.un.org\/unispal\/fr\/wp-content\/uploads\/sites\/10\/2024\/11\/2024-solidarity-day-backdrop-French-1024x576.png 1024w, https:\/\/www.un.org\/unispal\/fr\/wp-content\/uploads\/sites\/10\/2024\/11\/2024-solidarity-day-backdrop-French-1200x675.png 1200w, https:\/\/www.un.org\/unispal\/fr\/wp-content\/uploads\/sites\/10\/2024\/11\/2024-solidarity-day-backdrop-French.png 1280w\" sizes=\"(max-width: 1280px) 100vw, 1280px\" style=\"top:0px;left:0px;\"><\/a><\/div><div class=\"ls-slide\" ><img decoding=\"async\" width=\"1280\" height=\"720\" src=\"https:\/\/www.un.org\/unispal\/fr\/wp-content\/uploads\/sites\/10\/2024\/08\/ls-project-10-slide-1.jpg\" class=\"ls-tn\" alt=\"\" srcset=\"https:\/\/www.un.org\/unispal\/fr\/wp-content\/uploads\/sites\/10\/2024\/08\/ls-project-10-slide-1-200x113.jpg 200w, https:\/\/www.un.org\/unispal\/fr\/wp-content\/uploads\/sites\/10\/2024\/08\/ls-project-10-slide-1-300x169.jpg 300w, https:\/\/www.un.org\/unispal\/fr\/wp-content\/uploads\/sites\/10\/2024\/08\/ls-project-10-slide-1-400x225.jpg 400w, https:\/\/www.un.org\/unispal\/fr\/wp-content\/uploads\/sites\/10\/2024\/08\/ls-project-10-slide-1-600x338.jpg 600w, https:\/\/www.un.org\/unispal\/fr\/wp-content\/uploads\/sites\/10\/2024\/08\/ls-project-10-slide-1-768x432.jpg 768w, https:\/\/www.un.org\/unispal\/fr\/wp-content\/uploads\/sites\/10\/2024\/08\/ls-project-10-slide-1-800x450.jpg 800w, https:\/\/www.un.org\/unispal\/fr\/wp-content\/uploads\/sites\/10\/2024\/08\/ls-project-10-slide-1-1024x576.jpg 1024w, https:\/\/www.un.org\/unispal\/fr\/wp-content\/uploads\/sites\/10\/2024\/08\/ls-project-10-slide-1-1200x675.jpg 1200w, https:\/\/www.un.org\/unispal\/fr\/wp-content\/uploads\/sites\/10\/2024\/08\/ls-project-10-slide-1.jpg 1280w\" sizes=\"(max-width: 1280px) 100vw, 1280px\" \/><a style=\"\" class=\"ls-l\" href=\"https:\/\/www.un.org\/unispal\/document\/etude-legalite-de-loccupation-israelienne-du-territoire-palestinien-occupe-y-compris-jerusalem-est-2023\/\" target=\"_blank\"><img decoding=\"async\" width=\"672\" height=\"716\" src=\"https:\/\/www.un.org\/unispal\/fr\/wp-content\/uploads\/sites\/10\/2024\/08\/Screenshot-2024-08-13-115044.png\" class=\"ls-img-layer\" alt=\"\" srcset=\"https:\/\/www.un.org\/unispal\/fr\/wp-content\/uploads\/sites\/10\/2024\/08\/Screenshot-2024-08-13-115044-200x213.png 200w, https:\/\/www.un.org\/unispal\/fr\/wp-content\/uploads\/sites\/10\/2024\/08\/Screenshot-2024-08-13-115044-282x300.png 282w, https:\/\/www.un.org\/unispal\/fr\/wp-content\/uploads\/sites\/10\/2024\/08\/Screenshot-2024-08-13-115044-400x426.png 400w, https:\/\/www.un.org\/unispal\/fr\/wp-content\/uploads\/sites\/10\/2024\/08\/Screenshot-2024-08-13-115044-600x639.png 600w, https:\/\/www.un.org\/unispal\/fr\/wp-content\/uploads\/sites\/10\/2024\/08\/Screenshot-2024-08-13-115044.png 672w\" sizes=\"(max-width: 672px) 100vw, 672px\" style=\"top:-61px;left:185px;width:852px;height:907px;\"><\/a><\/div><div class=\"ls-slide\" ><img decoding=\"async\" width=\"1280\" height=\"720\" src=\"https:\/\/www.un.org\/unispal\/fr\/wp-content\/uploads\/sites\/10\/2024\/08\/ls-project-10-slide-3.jpg\" class=\"ls-tn\" alt=\"\" srcset=\"https:\/\/www.un.org\/unispal\/fr\/wp-content\/uploads\/sites\/10\/2024\/08\/ls-project-10-slide-3-200x113.jpg 200w, https:\/\/www.un.org\/unispal\/fr\/wp-content\/uploads\/sites\/10\/2024\/08\/ls-project-10-slide-3-300x169.jpg 300w, https:\/\/www.un.org\/unispal\/fr\/wp-content\/uploads\/sites\/10\/2024\/08\/ls-project-10-slide-3-400x225.jpg 400w, https:\/\/www.un.org\/unispal\/fr\/wp-content\/uploads\/sites\/10\/2024\/08\/ls-project-10-slide-3-600x338.jpg 600w, https:\/\/www.un.org\/unispal\/fr\/wp-content\/uploads\/sites\/10\/2024\/08\/ls-project-10-slide-3-768x432.jpg 768w, https:\/\/www.un.org\/unispal\/fr\/wp-content\/uploads\/sites\/10\/2024\/08\/ls-project-10-slide-3-800x450.jpg 800w, https:\/\/www.un.org\/unispal\/fr\/wp-content\/uploads\/sites\/10\/2024\/08\/ls-project-10-slide-3-1024x576.jpg 1024w, https:\/\/www.un.org\/unispal\/fr\/wp-content\/uploads\/sites\/10\/2024\/08\/ls-project-10-slide-3-1200x675.jpg 1200w, https:\/\/www.un.org\/unispal\/fr\/wp-content\/uploads\/sites\/10\/2024\/08\/ls-project-10-slide-3.jpg 1280w\" sizes=\"(max-width: 1280px) 100vw, 1280px\" \/><a style=\"\" class=\"ls-l\" href=\"https:\/\/www.un.org\/unispal\/document\/etude-legalite-de-loccupation-israelienne-du-territoire-palestinien-occupe-y-compris-jerusalem-est-2023\/\" target=\"_blank\"><img decoding=\"async\" width=\"1280\" height=\"720\" src=\"https:\/\/www.un.org\/unispal\/fr\/wp-content\/uploads\/sites\/10\/2023\/10\/MicrosoftTeams-image-37.png\" class=\"ls-img-layer\" alt=\"\" srcset=\"https:\/\/www.un.org\/unispal\/fr\/wp-content\/uploads\/sites\/10\/2023\/10\/MicrosoftTeams-image-37-200x113.png 200w, https:\/\/www.un.org\/unispal\/fr\/wp-content\/uploads\/sites\/10\/2023\/10\/MicrosoftTeams-image-37-300x169.png 300w, https:\/\/www.un.org\/unispal\/fr\/wp-content\/uploads\/sites\/10\/2023\/10\/MicrosoftTeams-image-37-400x225.png 400w, https:\/\/www.un.org\/unispal\/fr\/wp-content\/uploads\/sites\/10\/2023\/10\/MicrosoftTeams-image-37-600x338.png 600w, https:\/\/www.un.org\/unispal\/fr\/wp-content\/uploads\/sites\/10\/2023\/10\/MicrosoftTeams-image-37-768x432.png 768w, https:\/\/www.un.org\/unispal\/fr\/wp-content\/uploads\/sites\/10\/2023\/10\/MicrosoftTeams-image-37-800x450.png 800w, https:\/\/www.un.org\/unispal\/fr\/wp-content\/uploads\/sites\/10\/2023\/10\/MicrosoftTeams-image-37-1024x576.png 1024w, https:\/\/www.un.org\/unispal\/fr\/wp-content\/uploads\/sites\/10\/2023\/10\/MicrosoftTeams-image-37-1200x675.png 1200w, https:\/\/www.un.org\/unispal\/fr\/wp-content\/uploads\/sites\/10\/2023\/10\/MicrosoftTeams-image-37.png 1280w\" sizes=\"(max-width: 1280px) 100vw, 1280px\" style=\"top:0px;left:0px;\"><\/a><\/div><div class=\"ls-slide\" ><\/div><\/div><\/div><\/div><\/div><\/div><div class=\"fusion-fullwidth fullwidth-box fusion-builder-row-2 fusion-flex-container nonhundred-percent-fullwidth non-hundred-percent-height-scrolling\" style=\"--awb-background-position:left top;--awb-border-sizes-top:0px;--awb-border-sizes-bottom:0px;--awb-border-sizes-left:0px;--awb-border-sizes-right:0px;--awb-border-radius-top-left:0px;--awb-border-radius-top-right:0px;--awb-border-radius-bottom-right:0px;--awb-border-radius-bottom-left:0px;--awb-padding-top:20px;--awb-padding-bottom:20px;--awb-flex-wrap:wrap;\" id=\"home\" ><div class=\"fusion-builder-row fusion-row fusion-flex-align-items-flex-start fusion-flex-content-wrap\" style=\"max-width:1372.8px;margin-left: calc(-4% \/ 2 );margin-right: calc(-4% \/ 2 );\"><div class=\"fusion-layout-column fusion_builder_column fusion-builder-column-1 fusion_builder_column_1_1 1_1 fusion-flex-column fusion-flex-align-self-flex-start fusion-column-no-min-height\" style=\"--awb-bg-size:cover;--awb-width-large:100%;--awb-margin-top-large:0px;--awb-spacing-right-large:1.92%;--awb-margin-bottom-large:0px;--awb-spacing-left-large:1.92%;--awb-width-medium:100%;--awb-spacing-right-medium:1.92%;--awb-spacing-left-medium:1.92%;--awb-width-small:100%;--awb-spacing-right-small:1.92%;--awb-spacing-left-small:1.92%;\"><div class=\"fusion-column-wrapper fusion-flex-justify-content-flex-start fusion-content-layout-column\"><div class=\"fusion-text fusion-text-1\"><h3 class=\"title-box-homepage\">Comit\u00e9 pour l&rsquo;exercice des droits inali\u00e9nables du peuple palestinien<\/h3>\n<p>Le Comit\u00e9 pour l\u2019exercice des droits inali\u00e9nables du peuple palestinien a \u00e9t\u00e9 cr\u00e9\u00e9 en 1975 par la r\u00e9solution 3376 de l\u2019Assembl\u00e9e g\u00e9n\u00e9rale des Nations Unies, dans laquelle celle-ci a \u00e9galement demand\u00e9 au Comit\u00e9 de la conseiller sur des programmes destin\u00e9s \u00e0 permettre au peuple palestinien d\u2019exercer ses droits inali\u00e9nables, y compris le droit \u00e0 l\u2019autod\u00e9termination sans ing\u00e9rence ext\u00e9rieure, le droit \u00e0 l\u2019ind\u00e9pendance et \u00e0 la souverainet\u00e9 nationales et le droit au retour des Palestiniens dans leurs foyers et vers leurs biens, d\u2019o\u00f9 ils ont \u00e9t\u00e9 d\u00e9plac\u00e9s. Depuis, l\u2019Assembl\u00e9e a adopt\u00e9 chaque ann\u00e9e une r\u00e9solution renouvelant le mandat du Comit\u00e9.<\/p>\n<\/div><\/div><\/div><div class=\"fusion-layout-column fusion_builder_column fusion-builder-column-2 fusion_builder_column_1_3 1_3 fusion-flex-column\" style=\"--awb-bg-size:cover;--awb-width-large:33.333333333333%;--awb-margin-top-large:0px;--awb-spacing-right-large:5.76%;--awb-margin-bottom-large:20px;--awb-spacing-left-large:5.76%;--awb-width-medium:33.333333333333%;--awb-spacing-right-medium:5.76%;--awb-spacing-left-medium:5.76%;--awb-width-small:100%;--awb-spacing-right-small:1.92%;--awb-spacing-left-small:1.92%;\"><div class=\"fusion-column-wrapper fusion-flex-justify-content-flex-start fusion-content-layout-column\"><div class=\"fusion-text fusion-text-2\"><h2 class=\"title-box-homepage\">ONU Info<\/h2>\n<p style=\"text-align: left;\"><img decoding=\"async\" class=\"aligncenter size-medium wp-image-7476\" src=\"https:\/\/www.un.org\/unispal\/wp-content\/uploads\/2016\/11\/354-300x200.jpg\" alt=\"\" width=\"300\" height=\"200\" \/><\/p>\n<div class=\"border-bottom-box\">\n<p>D\u00e9p\u00eaches, articles, radio, vid\u00e9os, couverture de r\u00e9unions et de nombreuses autres ressources li\u00e9es \u00e0 l&rsquo;Organisation.<\/p>\n<p><a class=\"btn btn-default btn-box-homepage\" href=\"http:\/\/www.un.org\/french\/newscentre\/\">En savoir plus<\/a><\/p>\n<\/div>\n<\/div><\/div><\/div><div class=\"fusion-layout-column fusion_builder_column fusion-builder-column-3 fusion_builder_column_1_3 1_3 fusion-flex-column\" style=\"--awb-bg-size:cover;--awb-width-large:33.333333333333%;--awb-margin-top-large:0px;--awb-spacing-right-large:5.76%;--awb-margin-bottom-large:20px;--awb-spacing-left-large:5.76%;--awb-width-medium:33.333333333333%;--awb-spacing-right-medium:5.76%;--awb-spacing-left-medium:5.76%;--awb-width-small:100%;--awb-spacing-right-small:1.92%;--awb-spacing-left-small:1.92%;\"><div class=\"fusion-column-wrapper fusion-flex-justify-content-flex-start fusion-content-layout-column\"><div class=\"fusion-text fusion-text-3\"><h2 class=\"title-box-homepage\">Soci\u00e9t\u00e9 civile<\/h2>\n<p><img decoding=\"async\" class=\"alignnone size-full wp-image-7179\" src=\"https:\/\/www.un.org\/unispal\/wp-content\/uploads\/2016\/04\/civil-society.jpg\" alt=\"civil-society\" width=\"300\" height=\"200\" \/><\/p>\n<div class=\"border-bottom-box\">\n<p>Organisations de la soci\u00e9t\u00e9 civile accr\u00e9dit\u00e9es aupr\u00e8s du Comit\u00e9<\/p>\n<p><a class=\"btn btn-default btn-box-homepage\" href=\"\/unispal\/fr\/data-collection\/civil-society\/\">En savoir plus<\/a><\/p>\n<\/div>\n<\/div><\/div><\/div><div class=\"fusion-layout-column fusion_builder_column fusion-builder-column-4 fusion_builder_column_1_3 1_3 fusion-flex-column\" style=\"--awb-bg-size:cover;--awb-width-large:33.333333333333%;--awb-margin-top-large:0px;--awb-spacing-right-large:5.76%;--awb-margin-bottom-large:20px;--awb-spacing-left-large:5.76%;--awb-width-medium:33.333333333333%;--awb-spacing-right-medium:5.76%;--awb-spacing-left-medium:5.76%;--awb-width-small:100%;--awb-spacing-right-small:1.92%;--awb-spacing-left-small:1.92%;\"><div class=\"fusion-column-wrapper fusion-flex-justify-content-flex-start fusion-content-layout-column\"><div class=\"fusion-text fusion-text-4\"><h2 class=\"title-box-homepage\">Syst\u00e8me de l&rsquo;ONU<\/h2>\n<p><img decoding=\"async\" class=\"alignnone size-full wp-image-7182\" src=\"https:\/\/www.un.org\/unispal\/wp-content\/uploads\/2016\/04\/un-flag-1.jpg\" alt=\"un-flag\" width=\"300\" height=\"200\" \/><\/p>\n<div class=\"border-bottom-box\">\n<p>D\u00e9partements de l&rsquo;ONU, fonds, programmes et agences travaillant au Moyen-Orient et sur la Question de Palestine.<\/p>\n<p><a class=\"btn btn-default btn-box-homepage\" href=\"\/unispal\/fr\/un-system\/\">En savoir plus<\/a><\/p>\n<\/div>\n<\/div><\/div><\/div><\/div><\/div><\/p>\n","protected":false},"excerpt":{"rendered":"","protected":false},"author":3,"featured_media":0,"parent":0,"menu_order":0,"comment_status":"closed","ping_status":"closed","template":"","meta":{"footnotes":""},"class_list":["post-8408","page","type-page","status-publish","hentry"],"_links":{"self":[{"href":"https:\/\/www.un.org\/unispal\/fr\/wp-json\/wp\/v2\/pages\/8408","targetHints":{"allow":["GET"]}}],"collection":[{"href":"https:\/\/www.un.org\/unispal\/fr\/wp-json\/wp\/v2\/pages"}],"about":[{"href":"https:\/\/www.un.org\/unispal\/fr\/wp-json\/wp\/v2\/types\/page"}],"author":[{"embeddable":true,"href":"https:\/\/www.un.org\/unispal\/fr\/wp-json\/wp\/v2\/users\/3"}],"replies":[{"embeddable":true,"href":"https:\/\/www.un.org\/unispal\/fr\/wp-json\/wp\/v2\/comments?post=8408"}],"version-history":[{"count":0,"href":"https:\/\/www.un.org\/unispal\/fr\/wp-json\/wp\/v2\/pages\/8408\/revisions"}],"wp:attachment":[{"href":"https:\/\/www.un.org\/unispal\/fr\/wp-json\/wp\/v2\/media?parent=8408"}],"curies":[{"name":"wp","href":"https:\/\/api.w.org\/{rel}","templated":true}]}}