  {"id":7026,"date":"2016-09-26T19:45:41","date_gmt":"2016-09-26T19:45:41","guid":{"rendered":"https:\/\/www.un.org\/unispal\/?page_id=7026"},"modified":"2021-06-29T12:14:50","modified_gmt":"2021-06-29T16:14:50","slug":"un-system","status":"publish","type":"page","link":"https:\/\/www.un.org\/unispal\/fr\/un-system\/","title":{"rendered":"Le syst\u00e8me des Nations Unies"},"content":{"rendered":"<div class=\"fusion-fullwidth fullwidth-box fusion-builder-row-1 fusion-flex-container hundred-percent-fullwidth non-hundred-percent-height-scrolling\" style=\"--awb-border-radius-top-left:0px;--awb-border-radius-top-right:0px;--awb-border-radius-bottom-right:0px;--awb-border-radius-bottom-left:0px;--awb-overflow:visible;--awb-flex-wrap:wrap;\" ><div class=\"fusion-builder-row fusion-row fusion-flex-align-items-flex-start fusion-flex-content-wrap\" style=\"width:104% !important;max-width:104% !important;margin-left: calc(-4% \/ 2 );margin-right: calc(-4% \/ 2 );\"><div class=\"fusion-layout-column fusion_builder_column fusion-builder-column-0 fusion_builder_column_1_1 1_1 fusion-flex-column fusion-flex-align-self-flex-start fusion-column-no-min-height\" style=\"--awb-bg-size:cover;--awb-width-large:100%;--awb-margin-top-large:0px;--awb-spacing-right-large:1.92%;--awb-margin-bottom-large:0px;--awb-spacing-left-large:1.92%;--awb-width-medium:100%;--awb-spacing-right-medium:1.92%;--awb-spacing-left-medium:1.92%;--awb-width-small:100%;--awb-spacing-right-small:1.92%;--awb-spacing-left-small:1.92%;\"><div class=\"fusion-column-wrapper fusion-flex-justify-content-flex-start fusion-content-layout-column\"><div class=\"fusion-title title fusion-title-1 sep-underline sep-solid fusion-title-text fusion-title-size-two\" style=\"--awb-margin-top:25px;--awb-margin-bottom:10px;\"><h2 class=\"fusion-title-heading title-heading-left fusion-responsive-typography-calculated\" style=\"margin:0;--fontSize:18;--minFontSize:18;line-height:1.5;\"><strong>Le syst\u00e8me des Nations Unies en un coup d&rsquo;\u0153il<\/strong><\/h2><\/div><\/div><\/div><div class=\"fusion-layout-column fusion_builder_column fusion-builder-column-1 fusion_builder_column_1_2 1_2 fusion-flex-column\" style=\"--awb-bg-size:cover;--awb-width-large:50%;--awb-margin-top-large:0px;--awb-spacing-right-large:3.84%;--awb-margin-bottom-large:20px;--awb-spacing-left-large:3.84%;--awb-width-medium:50%;--awb-spacing-right-medium:3.84%;--awb-spacing-left-medium:3.84%;--awb-width-small:100%;--awb-spacing-right-small:1.92%;--awb-spacing-left-small:1.92%;\"><div class=\"fusion-column-wrapper fusion-flex-justify-content-flex-start fusion-content-layout-column\"><div class=\"fusion-text fusion-text-1\"><h3>Le Secr\u00e9taire g\u00e9n\u00e9ral<\/h3>\n<div id=\"attachment_8871\" style=\"width: 111px\" class=\"wp-caption alignleft\"><a href=\"https:\/\/www.un.org\/unispal\/wp-content\/uploads\/2016\/09\/SG-small-1.jpg\"><img decoding=\"async\" aria-describedby=\"caption-attachment-8871\" class=\"wp-image-8871\" src=\"https:\/\/www.un.org\/unispal\/wp-content\/uploads\/2016\/09\/SG-small-1.jpg\" alt=\"\" width=\"101\" height=\"119\" \/><\/a><p id=\"caption-attachment-8871\" class=\"wp-caption-text\">Le Secr\u00e9taire g\u00e9n\u00e9ral M. Ant\u00f3nio Guterres<\/p><\/div>\n<p>Le <a href=\"https:\/\/www.un.org\/sg\/fr\">Secr\u00e9taire g\u00e9n\u00e9ral<\/a> agit en personne ou par l&rsquo;interm\u00e9diaire de ses \u00e9missaires en pratiquant la diplomatie pr\u00e9ventive et en favorisant le r\u00e9tablissement et la consolidation de la paix dans la r\u00e9gion. Il repr\u00e9sente \u00e9galement l&rsquo;Organisation aupr\u00e8s du Quatuor pour le Moyen-Orient. Le <a href=\"https:\/\/unsco.unmissions.org\/leadership\">Bureau du Coordonnateur sp\u00e9cial des Nations Unies pour le processus de paix au Moyen-Orient<\/a> repr\u00e9sente le Secr\u00e9taire g\u00e9n\u00e9ral pour toutes les questions li\u00e9es au processus de paix.<\/p>\n<\/div><\/div><\/div><div class=\"fusion-layout-column fusion_builder_column fusion-builder-column-2 fusion_builder_column_1_2 1_2 fusion-flex-column\" style=\"--awb-bg-size:cover;--awb-width-large:50%;--awb-margin-top-large:0px;--awb-spacing-right-large:3.84%;--awb-margin-bottom-large:20px;--awb-spacing-left-large:3.84%;--awb-width-medium:50%;--awb-spacing-right-medium:3.84%;--awb-spacing-left-medium:3.84%;--awb-width-small:100%;--awb-spacing-right-small:1.92%;--awb-spacing-left-small:1.92%;\"><div class=\"fusion-column-wrapper fusion-flex-justify-content-flex-start fusion-content-layout-column\"><div class=\"fusion-text fusion-text-2\"><h3>L&rsquo;Assembl\u00e9e g\u00e9n\u00e9rale<\/h3>\n<div id=\"attachment_2760\" style=\"width: 110px\" class=\"wp-caption alignleft\"><img decoding=\"async\" aria-describedby=\"caption-attachment-2760\" class=\"wp-image-2760\" src=\"https:\/\/www.un.org\/unispal\/wp-content\/uploads\/2016\/04\/photo-Vote-crop-150x150.jpg\" alt=\"\" width=\"100\" height=\"100\" \/><p id=\"caption-attachment-2760\" class=\"wp-caption-text\">Assembl\u00e9e g\u00e9n\u00e9rale<\/p><\/div>\n<p>Compos\u00e9e des repr\u00e9sentants de tous les \u00c9tats Membres de l\u2019ONU, l&rsquo;<a href=\"https:\/\/www.un.org\/unispal\/fr\/data-collection\/general-assembly\/\">Assembl\u00e9e g\u00e9n\u00e9rale<\/a> participe \u00e0 la recherche d&rsquo;un r\u00e8glement pacifique de la question de Palestine depuis 1947. En 1975, elle a cr\u00e9\u00e9 le <a href=\"https:\/\/www.un.org\/unispal\/fr\/about-unispal\/committee\/\">Comit\u00e9 pour l\u2019exercice des droits inali\u00e9nables du peuple palestinien<\/a>.<\/p>\n<\/div><\/div><\/div><div class=\"fusion-layout-column fusion_builder_column fusion-builder-column-3 fusion_builder_column_1_1 1_1 fusion-flex-column fusion-flex-align-self-flex-start fusion-column-no-min-height\" style=\"--awb-bg-size:cover;--awb-width-large:100%;--awb-margin-top-large:0px;--awb-spacing-right-large:1.92%;--awb-margin-bottom-large:0px;--awb-spacing-left-large:1.92%;--awb-width-medium:100%;--awb-spacing-right-medium:1.92%;--awb-spacing-left-medium:1.92%;--awb-width-small:100%;--awb-spacing-right-small:1.92%;--awb-spacing-left-small:1.92%;\"><div class=\"fusion-column-wrapper fusion-flex-justify-content-flex-start fusion-content-layout-column\"><div class=\"fusion-title title fusion-title-2 sep-underline sep-solid fusion-title-text fusion-title-size-two\" style=\"--awb-margin-top:30px;--awb-margin-bottom:10px;\"><h2 class=\"fusion-title-heading title-heading-left fusion-responsive-typography-calculated\" style=\"margin:0;--fontSize:18;--minFontSize:18;line-height:1.5;\"><strong>Maintien de la paix et de la s\u00e9curit\u00e9<\/strong><\/h2><\/div><\/div><\/div><div class=\"fusion-layout-column fusion_builder_column fusion-builder-column-4 fusion_builder_column_1_2 1_2 fusion-flex-column\" style=\"--awb-bg-size:cover;--awb-width-large:50%;--awb-margin-top-large:0px;--awb-spacing-right-large:3.84%;--awb-margin-bottom-large:20px;--awb-spacing-left-large:3.84%;--awb-width-medium:50%;--awb-spacing-right-medium:3.84%;--awb-spacing-left-medium:3.84%;--awb-width-small:100%;--awb-spacing-right-small:1.92%;--awb-spacing-left-small:1.92%;\"><div class=\"fusion-column-wrapper fusion-flex-justify-content-flex-start fusion-content-layout-column\"><div class=\"fusion-text fusion-text-3\"><h3>Conseil de s\u00e9curit\u00e9<\/h3>\n<p><img decoding=\"async\" class=\"size-full wp-image-7050 alignleft\" src=\"https:\/\/www.un.org\/unispal\/wp-content\/uploads\/2016\/09\/sc-small.jpg\" alt=\"sc-small\" width=\"100\" height=\"100\" \/>Le <a href=\"https:\/\/www.un.org\/unispal\/fr\/data-collection\/security-council\/\">Conseil de s\u00e9curit\u00e9<\/a> a la responsabilit\u00e9 principale du maintien de la paix et de la s\u00e9curit\u00e9 internationales. Il a examin\u00e9 la situation au Moyen-Orient et la question palestinienne \u00e0 maintes reprises.<\/p>\n<\/div><\/div><\/div><div class=\"fusion-layout-column fusion_builder_column fusion-builder-column-5 fusion_builder_column_1_2 1_2 fusion-flex-column\" style=\"--awb-bg-size:cover;--awb-width-large:50%;--awb-margin-top-large:0px;--awb-spacing-right-large:3.84%;--awb-margin-bottom-large:20px;--awb-spacing-left-large:3.84%;--awb-width-medium:50%;--awb-spacing-right-medium:3.84%;--awb-spacing-left-medium:3.84%;--awb-width-small:100%;--awb-spacing-right-small:1.92%;--awb-spacing-left-small:1.92%;\"><div class=\"fusion-column-wrapper fusion-flex-justify-content-flex-start fusion-content-layout-column\"><div class=\"fusion-text fusion-text-4\"><h3>Organisme des Nations Unies charg\u00e9 de la surveillance de la tr\u00eave (ONUST)<\/h3>\n<p><img decoding=\"async\" class=\"size-full wp-image-7053 alignleft\" src=\"https:\/\/www.un.org\/unispal\/wp-content\/uploads\/2016\/09\/untso-small.jpg\" alt=\"untso-small\" width=\"100\" height=\"100\" \/>Premi\u00e8re op\u00e9ration de maintien de la paix cr\u00e9\u00e9e par l&rsquo;ONU, l&rsquo;Organisme des Nations Unies charg\u00e9 de la surveillance de la tr\u00eave (<a href=\"https:\/\/untso.unmissions.org\/\">ONUST<\/a>)<br \/>\na \u00e9t\u00e9 autoris\u00e9 par le Conseil de s\u00e9curit\u00e9 \u00e0 se d\u00e9ployer en Palestine en 1948.<\/p>\n<\/div><\/div><\/div><div class=\"fusion-layout-column fusion_builder_column fusion-builder-column-6 fusion_builder_column_1_1 1_1 fusion-flex-column fusion-flex-align-self-flex-start fusion-column-no-min-height\" style=\"--awb-bg-size:cover;--awb-width-large:100%;--awb-margin-top-large:0px;--awb-spacing-right-large:1.92%;--awb-margin-bottom-large:0px;--awb-spacing-left-large:1.92%;--awb-width-medium:100%;--awb-spacing-right-medium:1.92%;--awb-spacing-left-medium:1.92%;--awb-width-small:100%;--awb-spacing-right-small:1.92%;--awb-spacing-left-small:1.92%;\"><div class=\"fusion-column-wrapper fusion-flex-justify-content-flex-start fusion-content-layout-column\"><div class=\"fusion-title title fusion-title-3 sep-underline sep-solid fusion-title-text fusion-title-size-two\" style=\"--awb-margin-top:30px;--awb-margin-bottom:-5px;\"><h2 class=\"fusion-title-heading title-heading-left fusion-responsive-typography-calculated\" style=\"margin:0;--fontSize:18;--minFontSize:18;line-height:1.5;\"><strong>Protection des droits de l&rsquo;homme<\/strong><\/h2><\/div><\/div><\/div><div class=\"fusion-layout-column fusion_builder_column fusion-builder-column-7 fusion_builder_column_1_2 1_2 fusion-flex-column\" style=\"--awb-bg-size:cover;--awb-width-large:50%;--awb-margin-top-large:0px;--awb-spacing-right-large:3.84%;--awb-margin-bottom-large:20px;--awb-spacing-left-large:3.84%;--awb-width-medium:50%;--awb-spacing-right-medium:3.84%;--awb-spacing-left-medium:3.84%;--awb-width-small:100%;--awb-spacing-right-small:1.92%;--awb-spacing-left-small:1.92%;\"><div class=\"fusion-column-wrapper fusion-flex-justify-content-flex-start fusion-content-layout-column\"><div class=\"fusion-text fusion-text-5\"><h3>Conseil des droits de l\u2019homme<\/h3>\n<p><img decoding=\"async\" class=\"size-full wp-image-7056 alignleft\" src=\"https:\/\/www.un.org\/unispal\/wp-content\/uploads\/2016\/09\/unhr-small.jpg\" alt=\"unhr-small\" width=\"100\" height=\"100\" \/>Le <a href=\"https:\/\/www.ohchr.org\/FR\/HRBodies\/HRC\/Pages\/Home.aspx\">Conseil des droits de l&rsquo;homme<\/a> \u00e9tudie la situation en Palestine lors de ses sessions ordinaires et extraordinaires. Il collabore \u00e9troitement avec le <a href=\"https:\/\/www.ohchr.org\/FR\/Pages\/Home.aspx\">Rapporteur sp\u00e9cial<\/a> sur la situation des droits de l\u2019homme dans les territoires palestiniens occup\u00e9s depuis 1967.<\/p>\n<\/div><\/div><\/div><div class=\"fusion-layout-column fusion_builder_column fusion-builder-column-8 fusion_builder_column_1_1 1_1 fusion-flex-column fusion-flex-align-self-flex-start fusion-column-no-min-height\" style=\"--awb-bg-size:cover;--awb-width-large:100%;--awb-margin-top-large:0px;--awb-spacing-right-large:1.92%;--awb-margin-bottom-large:0px;--awb-spacing-left-large:1.92%;--awb-width-medium:100%;--awb-spacing-right-medium:1.92%;--awb-spacing-left-medium:1.92%;--awb-width-small:100%;--awb-spacing-right-small:1.92%;--awb-spacing-left-small:1.92%;\"><div class=\"fusion-column-wrapper fusion-flex-justify-content-flex-start fusion-content-layout-column\"><div class=\"fusion-title title fusion-title-4 sep-underline sep-solid fusion-title-text fusion-title-size-two\" style=\"--awb-margin-top:20px;--awb-margin-bottom:10px;\"><h2 class=\"fusion-title-heading title-heading-left fusion-responsive-typography-calculated\" style=\"margin:0;--fontSize:18;--minFontSize:18;line-height:1.5;\"><strong>Fourniture d&rsquo;une assistance, promotion du d\u00e9veloppement et cr\u00e9ation d&rsquo;institutions<\/strong><\/h2><\/div><div class=\"fusion-text fusion-text-6\"><p><a href=\"https:\/\/unsco.unmissions.org\/un-country-team-0\">L&rsquo;\u00e9quipe de pays des Nations Unies dans le Territoire palestinien<\/a> occup\u00e9 rassemble plus de 20 entit\u00e9s des Nations Unies pr\u00e9sentes sur le terrain, qui interviennent notamment dans des domaines aussi vari\u00e9s que les r\u00e9fugi\u00e9s (<a href=\"https:\/\/www.unrwausa.org\/#join\">UNRWA<\/a>), l&rsquo;\u00e9ducation et la culture (<a href=\"https:\/\/en.unesco.org\/fieldoffice\/ramallah\">UNESCO<\/a>), les enfants (<a href=\"https:\/\/www.unicef.org\/fr\">UNICEF<\/a>), les questions humanitaires (<a href=\"https:\/\/unsco.unmissions.org\/\">UNSCO<\/a> et <a href=\"https:\/\/www.ochaopt.org\/\">OCHA<\/a>), l&rsquo;\u00e9galit\u00e9 des sexes (<a href=\"https:\/\/palestine.unwomen.org\/en\">ONU-Femmes<\/a>), le d\u00e9veloppement (<a href=\"https:\/\/www.ps.undp.org\/content\/papp\/en\/home\/\">PNUD<\/a>), la sant\u00e9 (<a href=\"http:\/\/www.emro.who.int\/countries\/pse\/index.html\">OMS<\/a>), l\u2019alimentation et l&rsquo;agriculture (<a href=\"http:\/\/www.fao.org\/emergencies\/countries\/detail\/en\/c\/161517\/\">FAO<\/a> et <a href=\"https:\/\/www.wfp.org\/countries\/state-palestine\">PAM<\/a>), le logement (<a href=\"https:\/\/unhabitat.org\/state-of-palestine\">ONU-Habitat<\/a>), les droits de l&rsquo;homme (<a href=\"https:\/\/www.ohchr.org\/EN\/Countries\/MENARegion\/Pages\/PSIndex.aspx\">HCDH<\/a>), les relations du travail (<a href=\"http:\/\/www.ilo.org\/beirut\/countries\/occupied-palestinian-territory\/lang--en\/index.htm\">OIT<\/a>), la population (<a href=\"https:\/\/palestine.unfpa.org\/\">FNUAP<\/a>), les restes explosifs de guerre (<a href=\"https:\/\/www.mineaction.org\/en\">Service de la lutte antimines de l&rsquo;ONU<\/a>) et la lutte anti-drogue (<a href=\"https:\/\/www.unodc.org\/middleeastandnorthafrica\/index.html\">ONUDC<\/a>). Il s\u2019agit entre autres des entit\u00e9s suivantes :<\/p>\n<\/div><\/div><\/div><div class=\"fusion-layout-column fusion_builder_column fusion-builder-column-9 fusion_builder_column_1_2 1_2 fusion-flex-column\" style=\"--awb-bg-size:cover;--awb-width-large:50%;--awb-margin-top-large:0px;--awb-spacing-right-large:3.84%;--awb-margin-bottom-large:20px;--awb-spacing-left-large:3.84%;--awb-width-medium:50%;--awb-spacing-right-medium:3.84%;--awb-spacing-left-medium:3.84%;--awb-width-small:100%;--awb-spacing-right-small:1.92%;--awb-spacing-left-small:1.92%;\"><div class=\"fusion-column-wrapper fusion-flex-justify-content-flex-start fusion-content-layout-column\"><div class=\"fusion-text fusion-text-7\"><h3>Office de secours et de travaux des Nations Unies pour les r\u00e9fugi\u00e9s de Palestine dans le Proche-Orient<\/h3>\n<p><img decoding=\"async\" class=\"size-full wp-image-7059 alignleft\" src=\"https:\/\/www.un.org\/unispal\/wp-content\/uploads\/2016\/09\/unrwa-small.jpg\" alt=\"unrwa-small\" width=\"100\" height=\"100\" \/>De loin la plus grande op\u00e9ration des Nations Unies au Moyen-Orient, l&rsquo;<a href=\"https:\/\/www.unrwa.org\/\">Office de secours et de travaux des Nations Unies pour les r\u00e9fugi\u00e9s de Palestine dans le Proche-Orient<\/a> assure des services d&rsquo;\u00e9ducation, de sant\u00e9 et de secours ainsi que des services sociaux \u00e0 plus de cinq millions de r\u00e9fugi\u00e9s palestiniens en Jordanie, au Liban, en R\u00e9publique arabe syrienne, \u00e0 Gaza et en Cisjordanie, y compris J\u00e9rusalem-Est.<\/p>\n<\/div><\/div><\/div><div class=\"fusion-layout-column fusion_builder_column fusion-builder-column-10 fusion_builder_column_1_2 1_2 fusion-flex-column\" style=\"--awb-bg-size:cover;--awb-width-large:50%;--awb-margin-top-large:0px;--awb-spacing-right-large:3.84%;--awb-margin-bottom-large:20px;--awb-spacing-left-large:3.84%;--awb-width-medium:50%;--awb-spacing-right-medium:3.84%;--awb-spacing-left-medium:3.84%;--awb-width-small:100%;--awb-spacing-right-small:1.92%;--awb-spacing-left-small:1.92%;\"><div class=\"fusion-column-wrapper fusion-flex-justify-content-flex-start fusion-content-layout-column\"><div class=\"fusion-text fusion-text-8\"><h3>Programme des Nations Unies pour le d\u00e9veloppement<\/h3>\n<p><img decoding=\"async\" class=\"size-full wp-image-7071 alignleft\" src=\"https:\/\/www.un.org\/unispal\/wp-content\/uploads\/2016\/09\/UNDP_small.jpg\" alt=\"undp_small\" width=\"100\" height=\"100\" \/>Au fil des d\u00e9cennies, le <a href=\"https:\/\/www.ps.undp.org\/content\/papp\/en\/home\/\">Programme des Nations Unies pour le d\u00e9veloppement<\/a> et le Programme d&rsquo;assistance au peuple palestinien ont acquis une longue exp\u00e9rience en mati\u00e8re d&rsquo;aide au peuple palestinien.<\/p>\n<\/div><\/div><\/div><div class=\"fusion-layout-column fusion_builder_column fusion-builder-column-11 fusion_builder_column_1_2 1_2 fusion-flex-column\" style=\"--awb-bg-size:cover;--awb-width-large:50%;--awb-margin-top-large:0px;--awb-spacing-right-large:3.84%;--awb-margin-bottom-large:20px;--awb-spacing-left-large:3.84%;--awb-width-medium:50%;--awb-spacing-right-medium:3.84%;--awb-spacing-left-medium:3.84%;--awb-width-small:100%;--awb-spacing-right-small:1.92%;--awb-spacing-left-small:1.92%;\"><div class=\"fusion-column-wrapper fusion-flex-justify-content-flex-start fusion-content-layout-column\"><div class=\"fusion-text fusion-text-9\"><h3>Bureau du Coordonnateur sp\u00e9cial des Nations Unies pour le processus de paix au Moyen-Orient<\/h3>\n<p><img decoding=\"async\" class=\"size-full wp-image-248987 alignleft\" src=\"https:\/\/i0.wp.com\/www.un.org\/unispal\/wp-content\/uploads\/2021\/03\/Tor-Wennesland.png?resize=126%2C132&amp;ssl=1\" alt=\"\" width=\"126\" height=\"132\" \/>Le <a href=\"https:\/\/unsco.unmissions.org\/leadership\">Bureau du Coordonnateur sp\u00e9cial des Nations Unies pour le processus de paix au Moyen-Orient<\/a> est charg\u00e9 de coordonner l\u2019assistance humanitaire et l&rsquo;aide au d\u00e9veloppement que l&rsquo;ONU fournit aux Palestiniens.<\/p>\n<\/div><\/div><\/div><div class=\"fusion-layout-column fusion_builder_column fusion-builder-column-12 fusion_builder_column_1_2 1_2 fusion-flex-column\" style=\"--awb-bg-size:cover;--awb-width-large:50%;--awb-margin-top-large:0px;--awb-spacing-right-large:3.84%;--awb-margin-bottom-large:20px;--awb-spacing-left-large:3.84%;--awb-width-medium:50%;--awb-spacing-right-medium:3.84%;--awb-spacing-left-medium:3.84%;--awb-width-small:100%;--awb-spacing-right-small:1.92%;--awb-spacing-left-small:1.92%;\"><div class=\"fusion-column-wrapper fusion-flex-justify-content-flex-start fusion-content-layout-column\"><div class=\"fusion-text fusion-text-10\"><h3>UNESCO<\/h3>\n<p><img decoding=\"async\" class=\"size-full wp-image-7077 alignleft\" src=\"https:\/\/www.un.org\/unispal\/wp-content\/uploads\/2016\/09\/UNESCO-small.jpg\" alt=\"unesco-small\" width=\"100\" height=\"100\" \/>Le Programme d&rsquo;assistance au peuple palestinien de l&rsquo;Organisation des Nations Unies pour l&rsquo;\u00e9ducation, la science et la culture (<a href=\"https:\/\/en.unesco.org\/fieldoffice\/ramallah\">UNESCO<\/a>) est ax\u00e9 sur l&rsquo;\u00e9ducation, la science, la culture et la communication.<\/p>\n<\/div><\/div><\/div><div class=\"fusion-layout-column fusion_builder_column fusion-builder-column-13 fusion_builder_column_1_2 1_2 fusion-flex-column\" style=\"--awb-bg-size:cover;--awb-width-large:50%;--awb-margin-top-large:0px;--awb-spacing-right-large:3.84%;--awb-margin-bottom-large:20px;--awb-spacing-left-large:3.84%;--awb-width-medium:50%;--awb-spacing-right-medium:3.84%;--awb-spacing-left-medium:3.84%;--awb-width-small:100%;--awb-spacing-right-small:1.92%;--awb-spacing-left-small:1.92%;\"><div class=\"fusion-column-wrapper fusion-flex-justify-content-flex-start fusion-content-layout-column\"><div class=\"fusion-text fusion-text-11\"><h3>Banque mondiale<\/h3>\n<p><img decoding=\"async\" class=\"size-full wp-image-7080 alignleft\" src=\"https:\/\/www.un.org\/unispal\/wp-content\/uploads\/2016\/09\/world-bank-small.jpg\" alt=\"world-bank-small\" width=\"100\" height=\"100\" \/><\/p>\n<p>La <a href=\"https:\/\/www.worldbank.org\/en\/country\/westbankandgaza\">Banque mondiale<\/a> finance des projets de d\u00e9veloppement, des plans d\u2019assurance pour les investissements priv\u00e9s et joue un r\u00f4le de premier plan dans la coordination des donateurs.<\/p>\n<\/div><\/div><\/div><div class=\"fusion-layout-column fusion_builder_column fusion-builder-column-14 fusion_builder_column_1_2 1_2 fusion-flex-column\" style=\"--awb-bg-size:cover;--awb-width-large:50%;--awb-margin-top-large:0px;--awb-spacing-right-large:3.84%;--awb-margin-bottom-large:20px;--awb-spacing-left-large:3.84%;--awb-width-medium:50%;--awb-spacing-right-medium:3.84%;--awb-spacing-left-medium:3.84%;--awb-width-small:100%;--awb-spacing-right-small:1.92%;--awb-spacing-left-small:1.92%;\"><div class=\"fusion-column-wrapper fusion-flex-justify-content-flex-start fusion-content-layout-column\"><div class=\"fusion-text fusion-text-12\"><h3>Bureau de la coordination des affaires humanitaires<\/h3>\n<p><img decoding=\"async\" class=\"size-full wp-image-7083 alignleft\" src=\"https:\/\/www.un.org\/unispal\/wp-content\/uploads\/2016\/09\/ocha-small.jpg\" alt=\"ocha-small\" width=\"100\" height=\"100\" \/>En 2000, le <a href=\"https:\/\/www.ochaopt.org\/\">Bureau de la coordination des affaires humanitaires<\/a> a cr\u00e9\u00e9 un bureau ext\u00e9rieur dans le Territoire palestinien occup\u00e9 pour renforcer la coordination de l&rsquo;aide humanitaire et diffuser des informations sur cette aide.<\/p>\n<\/div><\/div><\/div><div class=\"fusion-layout-column fusion_builder_column fusion-builder-column-15 fusion_builder_column_1_2 1_2 fusion-flex-column\" style=\"--awb-bg-size:cover;--awb-width-large:50%;--awb-margin-top-large:0px;--awb-spacing-right-large:3.84%;--awb-margin-bottom-large:20px;--awb-spacing-left-large:3.84%;--awb-width-medium:50%;--awb-spacing-right-medium:3.84%;--awb-spacing-left-medium:3.84%;--awb-width-small:100%;--awb-spacing-right-small:1.92%;--awb-spacing-left-small:1.92%;\"><div class=\"fusion-column-wrapper fusion-flex-justify-content-flex-start fusion-content-layout-column\"><div class=\"fusion-text fusion-text-13\"><h3>Programme alimentaire mondial<\/h3>\n<p><img decoding=\"async\" class=\"size-full wp-image-7089 alignleft\" src=\"https:\/\/www.un.org\/unispal\/wp-content\/uploads\/2016\/09\/wfp-small-1.jpg\" alt=\"wfp-small-1\" width=\"100\" height=\"100\" \/>Le <a href=\"https:\/\/www.wfp.org\/countries\/state-palestine\">Programme alimentaire mondial<\/a> fournit une aide alimentaire aux Palestiniens depuis 1991.<\/p>\n<\/div><\/div><\/div><div class=\"fusion-layout-column fusion_builder_column fusion-builder-column-16 fusion_builder_column_1_1 1_1 fusion-flex-column fusion-flex-align-self-flex-start fusion-column-no-min-height\" style=\"--awb-bg-size:cover;--awb-width-large:100%;--awb-margin-top-large:0px;--awb-spacing-right-large:1.92%;--awb-margin-bottom-large:0px;--awb-spacing-left-large:1.92%;--awb-width-medium:100%;--awb-spacing-right-medium:1.92%;--awb-spacing-left-medium:1.92%;--awb-width-small:100%;--awb-spacing-right-small:1.92%;--awb-spacing-left-small:1.92%;\"><div class=\"fusion-column-wrapper fusion-flex-justify-content-flex-start fusion-content-layout-column\"><div class=\"fusion-title title fusion-title-5 sep-underline sep-solid fusion-title-text fusion-title-size-two\" style=\"--awb-margin-top:20px;--awb-margin-bottom:10px;\"><h2 class=\"fusion-title-heading title-heading-left fusion-responsive-typography-calculated\" style=\"margin:0;--fontSize:18;--minFontSize:18;line-height:1.5;\"><strong>Respect du droit international<\/strong><\/h2><\/div><\/div><\/div><div class=\"fusion-layout-column fusion_builder_column fusion-builder-column-17 fusion_builder_column_1_2 1_2 fusion-flex-column\" style=\"--awb-bg-size:cover;--awb-width-large:50%;--awb-margin-top-large:0px;--awb-spacing-right-large:3.84%;--awb-margin-bottom-large:20px;--awb-spacing-left-large:3.84%;--awb-width-medium:50%;--awb-spacing-right-medium:3.84%;--awb-spacing-left-medium:3.84%;--awb-width-small:100%;--awb-spacing-right-small:1.92%;--awb-spacing-left-small:1.92%;\"><div class=\"fusion-column-wrapper fusion-flex-justify-content-flex-start fusion-content-layout-column\"><div class=\"fusion-text fusion-text-14\"><h3>Cour internationale de Justice<\/h3>\n<p><img decoding=\"async\" class=\"size-full wp-image-7092 alignleft\" src=\"https:\/\/www.un.org\/unispal\/wp-content\/uploads\/2016\/09\/ICJ-small.jpg\" alt=\"icj-small\" width=\"100\" height=\"100\" \/><\/p>\n<p>Dans <a href=\"https:\/\/www.undocs.org\/fr\/A\/ES-10\/273\">l&rsquo;avis consultatif<\/a> historique qu&rsquo;elle a rendu, la Cour internationale de Justice(<a href=\"https:\/\/www.icj-cij.org\/fr\/affaire\/131\">CIJ<\/a>) a \u00e9tabli que le mur \u00e9rig\u00e9 par Isra\u00ebl dans le Territoire palestinien occup\u00e9 \u00e9tait contraire au droit international. Isra\u00ebl a l&rsquo;obligation d&rsquo;arr\u00eater la construction du mur, de le d\u00e9manteler et de verser des r\u00e9parations pour le pr\u00e9judice occasionn\u00e9 par la construction de ce mur.<\/p>\n<\/div><\/div><\/div><div class=\"fusion-layout-column fusion_builder_column fusion-builder-column-18 fusion_builder_column_1_2 1_2 fusion-flex-column\" style=\"--awb-bg-size:cover;--awb-width-large:50%;--awb-margin-top-large:0px;--awb-spacing-right-large:3.84%;--awb-margin-bottom-large:20px;--awb-spacing-left-large:3.84%;--awb-width-medium:50%;--awb-spacing-right-medium:3.84%;--awb-spacing-left-medium:3.84%;--awb-width-small:100%;--awb-spacing-right-small:1.92%;--awb-spacing-left-small:1.92%;\"><div class=\"fusion-column-wrapper fusion-flex-justify-content-flex-start fusion-content-layout-column\"><div class=\"fusion-text fusion-text-15\"><h3>Registre de l&rsquo;Organisation des Nations Unies concernant les dommages caus\u00e9s par la construction du mur dans le Territoire palestinien occup\u00e9<\/h3>\n<p><img decoding=\"async\" class=\"size-full wp-image-7095 alignleft\" src=\"https:\/\/www.un.org\/unispal\/wp-content\/uploads\/2016\/09\/un-logo-small-1.jpg\" alt=\"un-logo-small\" width=\"100\" height=\"100\" \/>L&rsquo;Assembl\u00e9e g\u00e9n\u00e9rale a cr\u00e9\u00e9 le <a href=\"http:\/\/www.unrod.org\/\">Registre des dommages<\/a> comme suite \u00e0 l&rsquo;avis consultatif rendu par la CIJ.<\/p>\n<\/div><\/div><\/div><div class=\"fusion-layout-column fusion_builder_column fusion-builder-column-19 fusion_builder_column_1_1 1_1 fusion-flex-column fusion-flex-align-self-flex-start fusion-column-no-min-height\" style=\"--awb-bg-size:cover;--awb-width-large:100%;--awb-margin-top-large:0px;--awb-spacing-right-large:1.92%;--awb-margin-bottom-large:0px;--awb-spacing-left-large:1.92%;--awb-width-medium:100%;--awb-spacing-right-medium:1.92%;--awb-spacing-left-medium:1.92%;--awb-width-small:100%;--awb-spacing-right-small:1.92%;--awb-spacing-left-small:1.92%;\"><div class=\"fusion-column-wrapper fusion-flex-justify-content-flex-start fusion-content-layout-column\"><div class=\"fusion-title title fusion-title-6 sep-underline sep-solid fusion-title-text fusion-title-size-two\" style=\"--awb-margin-top:20px;--awb-margin-bottom:10px;\"><h2 class=\"fusion-title-heading title-heading-left fusion-responsive-typography-calculated\" style=\"margin:0;--fontSize:18;--minFontSize:18;line-height:1.5;\"><strong>Travaux de recherche<\/strong><\/h2><\/div><\/div><\/div><div class=\"fusion-layout-column fusion_builder_column fusion-builder-column-20 fusion_builder_column_1_2 1_2 fusion-flex-column\" style=\"--awb-bg-size:cover;--awb-width-large:50%;--awb-margin-top-large:0px;--awb-spacing-right-large:3.84%;--awb-margin-bottom-large:20px;--awb-spacing-left-large:3.84%;--awb-width-medium:50%;--awb-spacing-right-medium:3.84%;--awb-spacing-left-medium:3.84%;--awb-width-small:100%;--awb-spacing-right-small:1.92%;--awb-spacing-left-small:1.92%;\"><div class=\"fusion-column-wrapper fusion-flex-justify-content-flex-start fusion-content-layout-column\"><div class=\"fusion-text fusion-text-16\"><h3>Commission \u00e9conomique et sociale pour l&rsquo;Asie occidentale<\/h3>\n<p><img decoding=\"async\" class=\"size-full wp-image-7104 alignleft\" src=\"https:\/\/www.un.org\/unispal\/wp-content\/uploads\/2016\/09\/escwa-small-1.jpg\" alt=\"escwa-small\" width=\"100\" height=\"100\" \/>La <a href=\"https:\/\/archive.unescwa.org\/our-work\/palestine-and-israeli-occupation\">Commission \u00e9conomique et sociale pour l&rsquo;Asie occidentale<\/a> publie notamment des rapports sur les r\u00e9percussions \u00e9conomiques et sociales de l&rsquo;occupation et de la colonisation isra\u00e9liennes sur le peuple palestinien.<\/p>\n<\/div><\/div><\/div><div class=\"fusion-layout-column fusion_builder_column fusion-builder-column-21 fusion_builder_column_1_2 1_2 fusion-flex-column\" style=\"--awb-bg-size:cover;--awb-width-large:50%;--awb-margin-top-large:0px;--awb-spacing-right-large:3.84%;--awb-margin-bottom-large:20px;--awb-spacing-left-large:3.84%;--awb-width-medium:50%;--awb-spacing-right-medium:3.84%;--awb-spacing-left-medium:3.84%;--awb-width-small:100%;--awb-spacing-right-small:1.92%;--awb-spacing-left-small:1.92%;\"><div class=\"fusion-column-wrapper fusion-flex-justify-content-flex-start fusion-content-layout-column\"><div class=\"fusion-text fusion-text-17\"><h3>CNUCED<\/h3>\n<p><img decoding=\"async\" class=\"size-full wp-image-7101 alignleft\" src=\"https:\/\/www.un.org\/unispal\/wp-content\/uploads\/2016\/09\/unctad-small.jpg\" alt=\"unctad-small\" width=\"100\" height=\"100\" \/>Les travaux de la <a href=\"https:\/\/unctad.org\/fr\">CNUCED<\/a> sur l&rsquo;\u00e9conomie palestinienne sont ax\u00e9s sur la recherche, l&rsquo;analyse et la coop\u00e9ration technique.<\/p>\n<\/div><\/div><\/div><div class=\"fusion-layout-column fusion_builder_column fusion-builder-column-22 fusion_builder_column_1_1 1_1 fusion-flex-column fusion-flex-align-self-flex-start fusion-column-no-min-height\" style=\"--awb-bg-size:cover;--awb-width-large:100%;--awb-margin-top-large:0px;--awb-spacing-right-large:1.92%;--awb-margin-bottom-large:0px;--awb-spacing-left-large:1.92%;--awb-width-medium:100%;--awb-spacing-right-medium:1.92%;--awb-spacing-left-medium:1.92%;--awb-width-small:100%;--awb-spacing-right-small:1.92%;--awb-spacing-left-small:1.92%;\"><div class=\"fusion-column-wrapper fusion-flex-justify-content-flex-start fusion-content-layout-column\"><div class=\"fusion-title title fusion-title-7 sep-underline sep-solid fusion-title-text fusion-title-size-two\" style=\"--awb-margin-top:20px;--awb-margin-bottom:10px;\"><h2 class=\"fusion-title-heading title-heading-left fusion-responsive-typography-calculated\" style=\"margin:0;--fontSize:18;--minFontSize:18;line-height:1.5;\"><strong>Information du public<\/strong><\/h2><\/div><\/div><\/div><div class=\"fusion-layout-column fusion_builder_column fusion-builder-column-23 fusion_builder_column_1_2 1_2 fusion-flex-column\" style=\"--awb-bg-size:cover;--awb-width-large:50%;--awb-margin-top-large:0px;--awb-spacing-right-large:3.84%;--awb-margin-bottom-large:20px;--awb-spacing-left-large:3.84%;--awb-width-medium:50%;--awb-spacing-right-medium:3.84%;--awb-spacing-left-medium:3.84%;--awb-width-small:100%;--awb-spacing-right-small:1.92%;--awb-spacing-left-small:1.92%;\"><div class=\"fusion-column-wrapper fusion-flex-justify-content-flex-start fusion-content-layout-column\"><div class=\"fusion-text fusion-text-18\"><h3>D\u00e9partement de l&rsquo;information<\/h3>\n<p><img decoding=\"async\" class=\"size-full wp-image-7095 alignleft\" src=\"https:\/\/www.un.org\/unispal\/wp-content\/uploads\/2016\/09\/un-logo-small-1.jpg\" alt=\"un-logo-small\" width=\"100\" height=\"100\" \/>Dans le cadre de son programme d&rsquo;information sp\u00e9cial sur la question de Palestine, le <a href=\"https:\/\/www.un.org\/fr\/department-global-communications\">D\u00e9partement de l&rsquo;information<\/a> organise chaque ann\u00e9e le S\u00e9minaire international des m\u00e9dias sur la paix au Moyen-Orient. Le D\u00e9partement offre aussi une formation \u00e0 de jeunes journalistes palestiniens, qui leur permettent d\u2019acqu\u00e9rir des comp\u00e9tences pratiques et de rencontrer des fonctionnaires et des diplomates de l&rsquo;ONU.<\/p>\n<\/div><\/div><\/div><div class=\"fusion-layout-column fusion_builder_column fusion-builder-column-24 fusion_builder_column_1_1 1_1 fusion-flex-column fusion-flex-align-self-flex-start fusion-column-no-min-height\" style=\"--awb-bg-size:cover;--awb-width-large:100%;--awb-margin-top-large:0px;--awb-spacing-right-large:1.92%;--awb-margin-bottom-large:0px;--awb-spacing-left-large:1.92%;--awb-width-medium:100%;--awb-spacing-right-medium:1.92%;--awb-spacing-left-medium:1.92%;--awb-width-small:100%;--awb-spacing-right-small:1.92%;--awb-spacing-left-small:1.92%;\"><div class=\"fusion-column-wrapper fusion-flex-justify-content-flex-start fusion-content-layout-column\"><div class=\"fusion-text fusion-text-19\"><p>Pour de plus amples informations, voir <a href=\"https:\/\/www.un.org\/unispal\/document\/auto-insert-207762\/\">L&rsquo;ONU et la question de Palestine<\/a><i class=\"fa fa-file-pdf-o\"><\/i><\/p>\n<\/div><\/div><\/div><\/div><\/div>\n","protected":false},"excerpt":{"rendered":"","protected":false},"author":3,"featured_media":0,"parent":0,"menu_order":0,"comment_status":"closed","ping_status":"closed","template":"","meta":{"footnotes":""},"class_list":["post-7026","page","type-page","status-publish","hentry"],"_links":{"self":[{"href":"https:\/\/www.un.org\/unispal\/fr\/wp-json\/wp\/v2\/pages\/7026","targetHints":{"allow":["GET"]}}],"collection":[{"href":"https:\/\/www.un.org\/unispal\/fr\/wp-json\/wp\/v2\/pages"}],"about":[{"href":"https:\/\/www.un.org\/unispal\/fr\/wp-json\/wp\/v2\/types\/page"}],"author":[{"embeddable":true,"href":"https:\/\/www.un.org\/unispal\/fr\/wp-json\/wp\/v2\/users\/3"}],"replies":[{"embeddable":true,"href":"https:\/\/www.un.org\/unispal\/fr\/wp-json\/wp\/v2\/comments?post=7026"}],"version-history":[{"count":0,"href":"https:\/\/www.un.org\/unispal\/fr\/wp-json\/wp\/v2\/pages\/7026\/revisions"}],"wp:attachment":[{"href":"https:\/\/www.un.org\/unispal\/fr\/wp-json\/wp\/v2\/media?parent=7026"}],"curies":[{"name":"wp","href":"https:\/\/api.w.org\/{rel}","templated":true}]}}