  {"id":37453,"date":"2021-07-12T10:29:19","date_gmt":"2021-07-12T14:29:19","guid":{"rendered":"https:\/\/www.un.org\/unispal\/fr\/?page_id=37453"},"modified":"2021-07-12T13:40:53","modified_gmt":"2021-07-12T17:40:53","slug":"capacity-building-programme","status":"publish","type":"page","link":"https:\/\/www.un.org\/unispal\/fr\/capacity-building-programme\/","title":{"rendered":"Programme de renforcement des capacit\u00e9s"},"content":{"rendered":"<div class=\"fusion-fullwidth fullwidth-box fusion-builder-row-1 fusion-flex-container nonhundred-percent-fullwidth non-hundred-percent-height-scrolling\" style=\"--awb-border-radius-top-left:0px;--awb-border-radius-top-right:0px;--awb-border-radius-bottom-right:0px;--awb-border-radius-bottom-left:0px;--awb-flex-wrap:wrap;\" ><div class=\"fusion-builder-row fusion-row fusion-flex-align-items-flex-start fusion-flex-content-wrap\" style=\"max-width:1372.8px;margin-left: calc(-4% \/ 2 );margin-right: calc(-4% \/ 2 );\"><div class=\"fusion-layout-column fusion_builder_column fusion-builder-column-0 fusion_builder_column_1_1 1_1 fusion-flex-column\" style=\"--awb-bg-size:cover;--awb-width-large:100%;--awb-margin-top-large:0px;--awb-spacing-right-large:1.92%;--awb-margin-bottom-large:20px;--awb-spacing-left-large:1.92%;--awb-width-medium:100%;--awb-order-medium:0;--awb-spacing-right-medium:1.92%;--awb-spacing-left-medium:1.92%;--awb-width-small:100%;--awb-order-small:0;--awb-spacing-right-small:1.92%;--awb-spacing-left-small:1.92%;\"><div class=\"fusion-column-wrapper fusion-column-has-shadow fusion-flex-justify-content-flex-start fusion-content-layout-column\"><div class=\"fusion-text fusion-text-1\"><h3><strong>Programme de renforcement des capacit\u00e9s<\/strong><\/h3>\n<p>MANDAT CONFI\u00c9 PAR L\u2019ASSEMBL\u00c9E G\u00c9N\u00c9RALE<\/p>\n<p>Le programme de renforcement des capacit\u00e9s et de formation des fonctionnaires de l\u2019\u00c9tat de Palestine est un \u00e9l\u00e9ment essentiel du mandat de la Division des droits des Palestiniens du D\u00e9partement des affaires politiques de l\u2019ONU, renouvel\u00e9 en dernier lieu par l\u2019Assembl\u00e9e g\u00e9n\u00e9rale dans sa r\u00e9solution 75\/20 du 8 d\u00e9cembre 2020. La Division aide le Comit\u00e9 pour l\u2019exercice des droits inali\u00e9nables du peuple palestinien \u00e0 promouvoir la r\u00e9alisation pacifique de la solution des deux \u00c9tats et \u00e0 mieux assurer la viabilit\u00e9 et la p\u00e9rennit\u00e9 du futur \u00c9tat de Palestine ind\u00e9pendant. \u00c0 ce jour, plus d\u2019une centaine de cadres palestiniens ont b\u00e9n\u00e9fici\u00e9 de ce programme, dans des domaines aussi divers que la diplomatie internationale et les changements climatiques.<\/p>\n<p>OBJECTIFS DU PROGRAMME DE RENFORCEMENT DES CAPACIT\u00c9S ET DE FORMATION<\/p>\n<ul>\n<li>Soutenir le peuple palestinien et l\u2019aider \u00e0 b\u00e2tir un \u00c9tat ind\u00e9pendant, inclusif et r\u00e9silient.<\/li>\n<li>Aider le Gouvernement de l\u2019\u00c9tat de Palestine \u00e0 renforcer ses capacit\u00e9s dans les domaines prioritaires recens\u00e9s dans son programme politique national et dans le Progranme de d\u00e9veloppement durable \u00e0 l\u2019horizon 2030.<\/li>\n<li>Relever les grands d\u00e9fis nationaux et internationaux de mani\u00e8re globale, en renfor\u00e7ant les liens \u00e9troits qui existent entre paix et s\u00e9curit\u00e9, d\u00e9veloppement et droits humains.<\/li>\n<li>Mobiliser une aide et des ressources nationales, r\u00e9gionales et internationales en faveur des Palestiniennes et Palestiniens.<\/li>\n<\/ul>\n<p><a href=\"https:\/\/www.un.org\/unispal\/capacity-building-programme\/\"><span class=\"VIiyi\" lang=\"fr\"><span class=\"JLqJ4b ChMk0b\" data-language-for-alternatives=\"fr\" data-language-to-translate-into=\"en\" data-phrase-index=\"0\">Informations sur le programme de renforcement des capacit\u00e9s en anglais.<\/span><\/span> <\/a><\/p>\n<\/div><\/div><\/div><\/div><\/div>\n","protected":false},"excerpt":{"rendered":"","protected":false},"author":301,"featured_media":0,"parent":0,"menu_order":0,"comment_status":"closed","ping_status":"closed","template":"","meta":{"footnotes":""},"class_list":["post-37453","page","type-page","status-publish","hentry"],"_links":{"self":[{"href":"https:\/\/www.un.org\/unispal\/fr\/wp-json\/wp\/v2\/pages\/37453","targetHints":{"allow":["GET"]}}],"collection":[{"href":"https:\/\/www.un.org\/unispal\/fr\/wp-json\/wp\/v2\/pages"}],"about":[{"href":"https:\/\/www.un.org\/unispal\/fr\/wp-json\/wp\/v2\/types\/page"}],"author":[{"embeddable":true,"href":"https:\/\/www.un.org\/unispal\/fr\/wp-json\/wp\/v2\/users\/301"}],"replies":[{"embeddable":true,"href":"https:\/\/www.un.org\/unispal\/fr\/wp-json\/wp\/v2\/comments?post=37453"}],"version-history":[{"count":0,"href":"https:\/\/www.un.org\/unispal\/fr\/wp-json\/wp\/v2\/pages\/37453\/revisions"}],"wp:attachment":[{"href":"https:\/\/www.un.org\/unispal\/fr\/wp-json\/wp\/v2\/media?parent=37453"}],"curies":[{"name":"wp","href":"https:\/\/api.w.org\/{rel}","templated":true}]}}