  {"id":37127,"date":"2021-05-28T12:35:04","date_gmt":"2021-05-28T16:35:04","guid":{"rendered":"https:\/\/www.un.org\/unispal\/fr\/?page_id=37127"},"modified":"2021-05-28T15:17:56","modified_gmt":"2021-05-28T19:17:56","slug":"frequently-asked-questions","status":"publish","type":"page","link":"https:\/\/www.un.org\/unispal\/fr\/frequently-asked-questions\/","title":{"rendered":"Foire aux questions"},"content":{"rendered":"<div class=\"fusion-fullwidth fullwidth-box fusion-builder-row-1 fusion-flex-container nonhundred-percent-fullwidth non-hundred-percent-height-scrolling\" style=\"--awb-border-radius-top-left:0px;--awb-border-radius-top-right:0px;--awb-border-radius-bottom-right:0px;--awb-border-radius-bottom-left:0px;--awb-flex-wrap:wrap;\" ><div class=\"fusion-builder-row fusion-row fusion-flex-align-items-flex-start fusion-flex-content-wrap\" style=\"max-width:1372.8px;margin-left: calc(-4% \/ 2 );margin-right: calc(-4% \/ 2 );\"><div class=\"fusion-layout-column fusion_builder_column fusion-builder-column-0 fusion_builder_column_1_1 1_1 fusion-flex-column\" style=\"--awb-bg-size:cover;--awb-width-large:100%;--awb-margin-top-large:0px;--awb-spacing-right-large:1.92%;--awb-margin-bottom-large:20px;--awb-spacing-left-large:1.92%;--awb-width-medium:100%;--awb-order-medium:0;--awb-spacing-right-medium:1.92%;--awb-spacing-left-medium:1.92%;--awb-width-small:100%;--awb-order-small:0;--awb-spacing-right-small:1.92%;--awb-spacing-left-small:1.92%;\"><div class=\"fusion-column-wrapper fusion-column-has-shadow fusion-flex-justify-content-flex-start fusion-content-layout-column\"><div class=\"fusion-text fusion-text-1\"><h2>Foire aux questions<\/h2>\n<\/div><div class=\"fusion-text fusion-text-2\"><h3>Comit\u00e9 pour l\u2019exercice des droits inali\u00e9nables du peuple palestinien<\/h3>\n<\/div><style type=\"text\/css\">#accordian-1 .fusion-panel:hover,#accordian-1 .fusion-panel.hover{ background-color: #f9f9f9 } #accordian-1 .fusion-panel { border-color:#0293d6; border-width:1px; background-color:#ffffff; }.fusion-accordian #accordian-1 .panel-title a .fa-fusion-box:before{ font-size: 13px;width: 13px;}.fusion-accordian #accordian-1 .panel-title a .fa-fusion-box{ color: #ffffff;}.fusion-accordian  #accordian-1 .panel-title a{font-size:15px;font-family:\"Roboto\";font-style:normal;font-weight:400;}.fusion-accordian  #accordian-1 .panel-title a:not(:hover){}.fusion-accordian  #accordian-1 .toggle-content{font-family:\"Roboto\";font-style:normal;font-weight:400;}.fusion-accordian #accordian-1 .fa-fusion-box { background-color: #333333 !important;border-color: #333333 !important;}.fusion-accordian #accordian-1 .panel-title a:hover,.fusion-accordian #accordian-1 .panel-title a.hover { color: #008fd5;}.fusion-faq-shortcode .fusion-accordian #accordian-1 .fusion-toggle-boxed-mode:hover .panel-title a { color: #008fd5;}.fusion-accordian #accordian-1 .panel-title .active .fa-fusion-box,.fusion-accordian #accordian-1 .panel-title a:hover .fa-fusion-box,.fusion-accordian #accordian-1 .panel-title a.hover .fa-fusion-box { background-color: #008fd5!important;border-color: #008fd5!important;}<\/style><div class=\"fusion-faq-shortcode\" style=\"\"><div class=\"fusion-faqs-wrapper\"><div class=\"accordian fusion-accordian\"><div class=\"panel-group \" id=\"accordian-1\"><div class=\"fusion-panel fusion-toggle-no-divider fusion-toggle-boxed-mode panel-default fusion-faq-post fusion-faq-post-37136 \"><span class=\"entry-title rich-snippet-hidden\">De quand date la cr\u00e9ation du Comit\u00e9 pour l\u2019exercice des droits inali\u00e9nables du peuple palestinien ?<\/span><span class=\"vcard rich-snippet-hidden\"><span class=\"fn\"><a href=\"https:\/\/www.un.org\/unispal\/fr\/author\/baikenjeun-org\/\" title=\"Articles par DPR3\" rel=\"author\">DPR3<\/a><\/span><\/span><span class=\"updated rich-snippet-hidden\">2021-05-28T14:46:13-04:00<\/span><div class=\"panel-heading\"><h4 id=\"faq_1-37136\" class=\"panel-title toggle\"><a data-toggle=\"collapse\" class=\"collapsed\" data-target=\"#collapse-1-37136\" href=\"#collapse-1-37136\" aria-expanded=\"false\"><div class=\"fusion-toggle-icon-wrapper\"><div class=\"fusion-toggle-icon-wrapper-main\"><div class=\"fusion-toggle-icon-wrapper-sub\"><i class=\"fa-fusion-box active-icon awb-icon-minus\" aria-hidden=\"true\"><\/i><i class=\"fa-fusion-box inactive-icon awb-icon-plus\" aria-hidden=\"true\"><\/i><\/div><\/div><\/div><div class=\"fusion-toggle-heading\">De quand date la cr\u00e9ation du Comit\u00e9 pour l\u2019exercice des droits inali\u00e9nables du peuple palestinien ?<\/div><\/a><\/h4><\/div><div id=\"collapse-1-37136\" aria-labelledby=\"faq_1-37136\" class=\"panel-collapse collapse\"><div class=\"panel-body toggle-content post-content\"><p>En 1975, par <a href=\"https:\/\/undocs.org\/fr\/A\/RES\/3376%20(XXX)\">sa r\u00e9solution 3376<\/a>, l\u2019<a href=\"https:\/\/www.un.org\/unispal\/fr\/\">Assembl\u00e9e g\u00e9n\u00e9rale<\/a> des Nations Unies a cr\u00e9\u00e9 le Comit\u00e9 pour l\u2019exercice des droits inali\u00e9nables du peuple palestinien et l\u2019a pri\u00e9 de lui recommander un <a href=\"https:\/\/documents-dds-ny.un.org\/doc\/UNDOC\/GEN\/N76\/111\/08\/pdf\/N7611108.pdf?OpenElement\">programme de mise en \u0153uvre<\/a> destin\u00e9 \u00e0 permettre aux Palestiniennes et aux Palestiniens d\u2019exercer leurs droits inali\u00e9nables \u00e0 l\u2019autod\u00e9termination sans ing\u00e9rence ext\u00e9rieure, \u00e0 l\u2019ind\u00e9pendance et \u00e0 la souverainet\u00e9 nationale, ainsi que leur droit de retourner dans leurs foyers et vers leurs biens, d\u2019o\u00f9 ils ont \u00e9t\u00e9 d\u00e9plac\u00e9s. En sa qualit\u00e9 d\u2019organe subsidiaire, le Comit\u00e9 fait <a href=\"https:\/\/www.un.org\/unispal\/reports-of-the-committee-on-the-exercise-of-the-inalienable-rights-of-the-palestinian-people\/\">rapport<\/a> \u00e0 l\u2019Assembl\u00e9e g\u00e9n\u00e9rale.<\/p>\n<p><u><a href=\"https:\/\/www.un.org\/unispal\/fr\/about-unispal\/committee\/\">En savoir plus sur l\u2019histoire du Comit\u00e9. <\/a><\/u><\/p>\n<\/div><\/div><\/div><div class=\"fusion-panel fusion-toggle-no-divider fusion-toggle-boxed-mode panel-default fusion-faq-post fusion-faq-post-37142 \"><span class=\"entry-title rich-snippet-hidden\">Quels sont le mandat et les objectifs du Comit\u00e9 ?<\/span><span class=\"vcard rich-snippet-hidden\"><span class=\"fn\"><a href=\"https:\/\/www.un.org\/unispal\/fr\/author\/baikenjeun-org\/\" title=\"Articles par DPR3\" rel=\"author\">DPR3<\/a><\/span><\/span><span class=\"updated rich-snippet-hidden\">2021-05-28T14:51:19-04:00<\/span><div class=\"panel-heading\"><h4 id=\"faq_1-37142\" class=\"panel-title toggle\"><a data-toggle=\"collapse\" class=\"collapsed\" data-target=\"#collapse-1-37142\" href=\"#collapse-1-37142\" aria-expanded=\"false\"><div class=\"fusion-toggle-icon-wrapper\"><div class=\"fusion-toggle-icon-wrapper-main\"><div class=\"fusion-toggle-icon-wrapper-sub\"><i class=\"fa-fusion-box active-icon awb-icon-minus\" aria-hidden=\"true\"><\/i><i class=\"fa-fusion-box inactive-icon awb-icon-plus\" aria-hidden=\"true\"><\/i><\/div><\/div><\/div><div class=\"fusion-toggle-heading\">Quels sont le mandat et les objectifs du Comit\u00e9 ?<\/div><\/a><\/h4><\/div><div id=\"collapse-1-37142\" aria-labelledby=\"faq_1-37142\" class=\"panel-collapse collapse\"><div class=\"panel-body toggle-content post-content\"><p>Le Comit\u00e9 est le seul organe de l\u2019ONU dont les travaux sont exclusivement consacr\u00e9s \u00e0 la question de Palestine. L\u2019Assembl\u00e9e g\u00e9n\u00e9rale adopte chaque ann\u00e9e une r\u00e9solution pour renouveler son mandat, la derni\u00e8re en date \u00e9tant la <a href=\"https:\/\/undocs.org\/fr\/A\/RES\/75\/20\">r\u00e9solution 75\/20<\/a> du 8 d\u00e9cembre 2020.<\/p>\n<p>Les travaux du Comit\u00e9 ont pour objectif de\u00a0:<\/p>\n<ul>\n<li>Promouvoir un r\u00e8glement juste et pacifique du conflit isra\u00e9lo-palestinien et la fin de l\u2019occupation isra\u00e9lienne qui remonte \u00e0 1967.<\/li>\n<li>R\u00e9aliser la solution des deux \u00c9tats\u00a0: Isra\u00ebl et la Palestine, vivant c\u00f4te \u00e0 c\u00f4te \u00e0 l\u2019int\u00e9rieur de fronti\u00e8res s\u00fbres et reconnues.<\/li>\n<li>Soutenir l\u2019exercice des droits inali\u00e9nables du peuple palestinien, notamment les droits \u00e0 l\u2019autod\u00e9termination et \u00e0 la souverainet\u00e9 et le droit au retour.<\/li>\n<\/ul>\n<p><u><a href=\"https:\/\/www.un.org\/unispal\/fr\/about-unispal\/committee\/mandate-and-objectives\/\">En savoir plus<\/a><\/u><\/p>\n<\/div><\/div><\/div><div class=\"fusion-panel fusion-toggle-no-divider fusion-toggle-boxed-mode panel-default fusion-faq-post fusion-faq-post-37148 \"><span class=\"entry-title rich-snippet-hidden\">O\u00f9 trouver le programme de travail du Comit\u00e9 ?<\/span><span class=\"vcard rich-snippet-hidden\"><span class=\"fn\"><a href=\"https:\/\/www.un.org\/unispal\/fr\/author\/baikenjeun-org\/\" title=\"Articles par DPR3\" rel=\"author\">DPR3<\/a><\/span><\/span><span class=\"updated rich-snippet-hidden\">2021-06-07T12:37:57-04:00<\/span><div class=\"panel-heading\"><h4 id=\"faq_1-37148\" class=\"panel-title toggle\"><a data-toggle=\"collapse\" class=\"collapsed\" data-target=\"#collapse-1-37148\" href=\"#collapse-1-37148\" aria-expanded=\"false\"><div class=\"fusion-toggle-icon-wrapper\"><div class=\"fusion-toggle-icon-wrapper-main\"><div class=\"fusion-toggle-icon-wrapper-sub\"><i class=\"fa-fusion-box active-icon awb-icon-minus\" aria-hidden=\"true\"><\/i><i class=\"fa-fusion-box inactive-icon awb-icon-plus\" aria-hidden=\"true\"><\/i><\/div><\/div><\/div><div class=\"fusion-toggle-heading\">O\u00f9 trouver le programme de travail du Comit\u00e9 ?<\/div><\/a><\/h4><\/div><div id=\"collapse-1-37148\" aria-labelledby=\"faq_1-37148\" class=\"panel-collapse collapse\"><div class=\"panel-body toggle-content post-content\"><p>Au d\u00e9but de chaque ann\u00e9e civile, le Comit\u00e9 adopte un programme de travail annuel.<\/p>\n<p><u><a href=\"https:\/\/www.un.org\/unispal\/fr\/about-unispal\/committee\/programme-of-work\/\">Programmes de travail<\/a><\/u><\/p>\n<p><u><a href=\"https:\/\/www.un.org\/unispal\/fr\/about-unispal\/committee\/reports-of-the-committee-on-the-exercise-of-the-inalienable-rights-of-the-palestinian-people\/\">Rapports annuels du Comit\u00e9<\/a><\/u><\/p>\n<\/div><\/div><\/div><div class=\"fusion-panel fusion-toggle-no-divider fusion-toggle-boxed-mode panel-default fusion-faq-post fusion-faq-post-37154 \"><span class=\"entry-title rich-snippet-hidden\">Quelle est la composition du Comit\u00e9 ?<\/span><span class=\"vcard rich-snippet-hidden\"><span class=\"fn\"><a href=\"https:\/\/www.un.org\/unispal\/fr\/author\/baikenjeun-org\/\" title=\"Articles par DPR3\" rel=\"author\">DPR3<\/a><\/span><\/span><span class=\"updated rich-snippet-hidden\">2021-05-28T14:52:57-04:00<\/span><div class=\"panel-heading\"><h4 id=\"faq_1-37154\" class=\"panel-title toggle\"><a data-toggle=\"collapse\" class=\"collapsed\" data-target=\"#collapse-1-37154\" href=\"#collapse-1-37154\" aria-expanded=\"false\"><div class=\"fusion-toggle-icon-wrapper\"><div class=\"fusion-toggle-icon-wrapper-main\"><div class=\"fusion-toggle-icon-wrapper-sub\"><i class=\"fa-fusion-box active-icon awb-icon-minus\" aria-hidden=\"true\"><\/i><i class=\"fa-fusion-box inactive-icon awb-icon-plus\" aria-hidden=\"true\"><\/i><\/div><\/div><\/div><div class=\"fusion-toggle-heading\">Quelle est la composition du Comit\u00e9 ?<\/div><\/a><\/h4><\/div><div id=\"collapse-1-37154\" aria-labelledby=\"faq_1-37154\" class=\"panel-collapse collapse\"><div class=\"panel-body toggle-content post-content\"><p>Le Comit\u00e9 se compose de 25 \u00c9tats Membres. Pour si\u00e9ger au Comit\u00e9, les \u00c9tats Membres pr\u00e9sentent une candidature, qui est ensuite approuv\u00e9e par l\u2019Assembl\u00e9e g\u00e9n\u00e9rale.<\/p>\n<p>Afghanistan, B\u00e9larus, Bolivie, Afrique du Sud, Chypre, Cuba, \u00c9quateur, Guin\u00e9e, Guyana, Inde, Indon\u00e9sie, Madagascar, Malaisie, Mali, Malte, Namibie, Nicaragua, Nig\u00e9ria, Pakistan, R\u00e9publique d\u00e9mocratique populaire lao, S\u00e9n\u00e9gal, Sierra Leone, Tunisie, Turquie, et Venezuela.<\/p>\n<p>En outre, 24 observateurs participent aux travaux du Comit\u00e9\u00a0:<\/p>\n<p>Alg\u00e9rie, Arabie saoudite, Bangladesh, Bulgarie, Chine, \u00c9gypte, \u00c9mirats arabes unis, Iraq, Jordanie, Kowe\u00eft, Liban, Libye, Maroc, Mauritanie, Niger, Qatar, R\u00e9publique arabe syrienne, Sri Lanka, Viet Nam, Y\u00e9men, \u00c9tat de Palestine, Union africaine, Ligue des \u00c9tats arabes et Organisation de la coop\u00e9ration islamique.<\/p>\n<p><u><a href=\"https:\/\/www.un.org\/unispal\/fr\/about-unispal\/committee\/membership\/\">En savoir plus<\/a><\/u><\/p>\n<\/div><\/div><\/div><div class=\"fusion-panel fusion-toggle-no-divider fusion-toggle-boxed-mode panel-default fusion-faq-post fusion-faq-post-37160 \"><span class=\"entry-title rich-snippet-hidden\">Quelle est la composition du Bureau du Comit\u00e9 ?<\/span><span class=\"vcard rich-snippet-hidden\"><span class=\"fn\"><a href=\"https:\/\/www.un.org\/unispal\/fr\/author\/baikenjeun-org\/\" title=\"Articles par DPR3\" rel=\"author\">DPR3<\/a><\/span><\/span><span class=\"updated rich-snippet-hidden\">2021-05-28T14:53:44-04:00<\/span><div class=\"panel-heading\"><h4 id=\"faq_1-37160\" class=\"panel-title toggle\"><a data-toggle=\"collapse\" class=\"collapsed\" data-target=\"#collapse-1-37160\" href=\"#collapse-1-37160\" aria-expanded=\"false\"><div class=\"fusion-toggle-icon-wrapper\"><div class=\"fusion-toggle-icon-wrapper-main\"><div class=\"fusion-toggle-icon-wrapper-sub\"><i class=\"fa-fusion-box active-icon awb-icon-minus\" aria-hidden=\"true\"><\/i><i class=\"fa-fusion-box inactive-icon awb-icon-plus\" aria-hidden=\"true\"><\/i><\/div><\/div><\/div><div class=\"fusion-toggle-heading\">Quelle est la composition du Bureau du Comit\u00e9 ?<\/div><\/a><\/h4><\/div><div id=\"collapse-1-37160\" aria-labelledby=\"faq_1-37160\" class=\"panel-collapse collapse\"><div class=\"panel-body toggle-content post-content\"><p>Les travaux quotidiens du Comit\u00e9 sont dirig\u00e9s par le Bureau, compos\u00e9 de repr\u00e9sentantes et repr\u00e9sentants permanents des \u00c9tats Membres de l\u2019Organisation si\u00e9geant \u00e0 titre personnel et \u00e9lus par le Comit\u00e9, selon le principe de l\u2019\u00e9quilibre g\u00e9ographique. Les repr\u00e9sentantes et repr\u00e9sentants actuels des \u00c9tats Membres si\u00e9geant au Bureau sont les suivants\u00a0:<\/p>\n<ul>\n<li>S\u00e9n\u00e9gal (pr\u00e9sidence).<\/li>\n<li>Afghanistan, Cuba, Indon\u00e9sie, Namibie et Nicaragua (vice-pr\u00e9sidence).<\/li>\n<li>Afghanistan (Rapporteuse par int\u00e9rim).<\/li>\n<li>L\u2019\u00c9tat de Palestine prend part aux travaux du Bureau en tant qu\u2019observateur.<\/li>\n<\/ul>\n<p><u><a href=\"https:\/\/www.un.org\/unispal\/fr\/about-unispal\/committee\/bureau\/\">En savoir plus<\/a><\/u><\/p>\n<\/div><\/div><\/div><div class=\"fusion-panel fusion-toggle-no-divider fusion-toggle-boxed-mode panel-default fusion-faq-post fusion-faq-post-37166 \"><span class=\"entry-title rich-snippet-hidden\">Quels sont les domaines d\u2019activit\u00e9s du Comit\u00e9 ?<\/span><span class=\"vcard rich-snippet-hidden\"><span class=\"fn\"><a href=\"https:\/\/www.un.org\/unispal\/fr\/author\/baikenjeun-org\/\" title=\"Articles par DPR3\" rel=\"author\">DPR3<\/a><\/span><\/span><span class=\"updated rich-snippet-hidden\">2021-05-28T14:54:25-04:00<\/span><div class=\"panel-heading\"><h4 id=\"faq_1-37166\" class=\"panel-title toggle\"><a data-toggle=\"collapse\" class=\"collapsed\" data-target=\"#collapse-1-37166\" href=\"#collapse-1-37166\" aria-expanded=\"false\"><div class=\"fusion-toggle-icon-wrapper\"><div class=\"fusion-toggle-icon-wrapper-main\"><div class=\"fusion-toggle-icon-wrapper-sub\"><i class=\"fa-fusion-box active-icon awb-icon-minus\" aria-hidden=\"true\"><\/i><i class=\"fa-fusion-box inactive-icon awb-icon-plus\" aria-hidden=\"true\"><\/i><\/div><\/div><\/div><div class=\"fusion-toggle-heading\">Quels sont les domaines d\u2019activit\u00e9s du Comit\u00e9 ?<\/div><\/a><\/h4><\/div><div id=\"collapse-1-37166\" aria-labelledby=\"faq_1-37166\" class=\"panel-collapse collapse\"><div class=\"panel-body toggle-content post-content\"><p>Le Comit\u00e9 organise des r\u00e9unions et des conf\u00e9rences internationales sur la question de Palestine, notamment des r\u00e9unions avec la soci\u00e9t\u00e9 civile, dans toutes les r\u00e9gions du monde. Il coop\u00e8re avec un vaste r\u00e9seau d\u2019organisations de la soci\u00e9t\u00e9 civile qui s\u2019int\u00e9ressent activement \u00e0 la question. En outre, il tient \u00e0 jour un programme de publications couvrant les activit\u00e9s men\u00e9es par le syst\u00e8me des Nations Unies autour de la question de Palestine. Pour comm\u00e9morer la Journ\u00e9e internationale de solidarit\u00e9 avec le peuple palestinien, le Comit\u00e9 organise chaque ann\u00e9e des r\u00e9unions sp\u00e9ciales et d\u2019autres manifestations au Si\u00e8ge de l\u2019Organisation des Nations Unies et ailleurs. Le Comit\u00e9 fait rapport \u00e0 l\u2019Assembl\u00e9e g\u00e9n\u00e9rale.<\/p>\n<p><a href=\"https:\/\/www.un.org\/unispal\/fr\/about-unispal\/committee\/areas-of-activities\/\">En savoir plus<\/a><\/p>\n<\/div><\/div><\/div><div class=\"fusion-panel fusion-toggle-no-divider fusion-toggle-boxed-mode panel-default fusion-faq-post fusion-faq-post-37172 \"><span class=\"entry-title rich-snippet-hidden\">Quels sont le mandat et les fonctions principales de la Division des droits des Palestiniens ?<\/span><span class=\"vcard rich-snippet-hidden\"><span class=\"fn\"><a href=\"https:\/\/www.un.org\/unispal\/fr\/author\/baikenjeun-org\/\" title=\"Articles par DPR3\" rel=\"author\">DPR3<\/a><\/span><\/span><span class=\"updated rich-snippet-hidden\">2021-05-28T14:55:53-04:00<\/span><div class=\"panel-heading\"><h4 id=\"faq_1-37172\" class=\"panel-title toggle\"><a data-toggle=\"collapse\" class=\"collapsed\" data-target=\"#collapse-1-37172\" href=\"#collapse-1-37172\" aria-expanded=\"false\"><div class=\"fusion-toggle-icon-wrapper\"><div class=\"fusion-toggle-icon-wrapper-main\"><div class=\"fusion-toggle-icon-wrapper-sub\"><i class=\"fa-fusion-box active-icon awb-icon-minus\" aria-hidden=\"true\"><\/i><i class=\"fa-fusion-box inactive-icon awb-icon-plus\" aria-hidden=\"true\"><\/i><\/div><\/div><\/div><div class=\"fusion-toggle-heading\">Quels sont le mandat et les fonctions principales de la Division des droits des Palestiniens ?<\/div><\/a><\/h4><\/div><div id=\"collapse-1-37172\" aria-labelledby=\"faq_1-37172\" class=\"panel-collapse collapse\"><div class=\"panel-body toggle-content post-content\"><p>La Division des droits des Palestiniens assure le secr\u00e9tariat du <a href=\"https:\/\/www.un.org\/unispal\/fr\/about-unispal\/committee\/\">Comit\u00e9 pour l\u2019exercice des droits inali\u00e9nables du peuple palestinien<\/a> et remplit les fonctions essentielles suivantes\u00a0:<\/p>\n<ul>\n<li>Organiser les r\u00e9unions du Comit\u00e9 et de son Bureau au Si\u00e8ge de l\u2019ONU.<\/li>\n<li>Suivre l\u2019\u00e9volution de la situation, notamment dans le domaine politique.<\/li>\n<li>Organiser le programme <a href=\"https:\/\/www.un.org\/unispal\/fr\/events\/international-conferences\/\">des manifestations, des r\u00e9unions et des conf\u00e9rences internationales<\/a> du Comit\u00e9.<\/li>\n<li>Mener \u00e0 bien un programme de publication.<\/li>\n<li>\u00c9tablir et tenir \u00e0 jour le <a href=\"https:\/\/www.un.org\/unispal\/fr\/data-collection\/\">Syst\u00e8me d\u2019information des Nations Unies sur la question de Palestine (UNISPAL).<\/a><\/li>\n<li>Entretenir les contacts avec les organisations de la soci\u00e9t\u00e9 civile qui s\u2019int\u00e9ressent activement \u00e0 la question et publier le bulletin hebdomadaire intitul\u00e9 \u00ab\u00a0<a href=\"https:\/\/www.un.org\/unispal\/data-collection\/civil-society\/ngo-action-news\/\">NGO Action News<\/a>\u00bb.<\/li>\n<li>Organiser la c\u00e9l\u00e9bration annuelle de la <a href=\"https:\/\/www.un.org\/unispal\/fr\/events\/international-day-of-solidarity-with-the-palestinian-people\/\">Journ\u00e9e internationale de solidarit\u00e9 avec le peuple palestinien<\/a>.<\/li>\n<li>Organiser chaque ann\u00e9e un programme de formation au Si\u00e8ge de l\u2019ONU et plusieurs <a href=\"https:\/\/www.un.org\/unispal\/capacity-building-programme\/\">ateliers de renforcement des capacit\u00e9s<\/a> \u00e0 l\u2019intention des fonctionnaires palestiniens.<\/li>\n<\/ul>\n<p><u><a href=\"https:\/\/www.un.org\/unispal\/fr\/about-unispal\/about-division-palestinian-rights\/\">En savoir plus<\/a><\/u><\/p>\n<p>&nbsp;<\/p>\n<\/div><\/div><\/div><div class=\"fusion-panel fusion-toggle-no-divider fusion-toggle-boxed-mode panel-default fusion-faq-post fusion-faq-post-37181 \"><span class=\"entry-title rich-snippet-hidden\">Comment le Comit\u00e9 communique-t-il avec le Conseil de s\u00e9curit\u00e9 sur la question de Palestine ?<\/span><span class=\"vcard rich-snippet-hidden\"><span class=\"fn\"><a href=\"https:\/\/www.un.org\/unispal\/fr\/author\/baikenjeun-org\/\" title=\"Articles par DPR3\" rel=\"author\">DPR3<\/a><\/span><\/span><span class=\"updated rich-snippet-hidden\">2021-05-28T14:58:17-04:00<\/span><div class=\"panel-heading\"><h4 id=\"faq_1-37181\" class=\"panel-title toggle\"><a data-toggle=\"collapse\" class=\"collapsed\" data-target=\"#collapse-1-37181\" href=\"#collapse-1-37181\" aria-expanded=\"false\"><div class=\"fusion-toggle-icon-wrapper\"><div class=\"fusion-toggle-icon-wrapper-main\"><div class=\"fusion-toggle-icon-wrapper-sub\"><i class=\"fa-fusion-box active-icon awb-icon-minus\" aria-hidden=\"true\"><\/i><i class=\"fa-fusion-box inactive-icon awb-icon-plus\" aria-hidden=\"true\"><\/i><\/div><\/div><\/div><div class=\"fusion-toggle-heading\">Comment le Comit\u00e9 communique-t-il avec le Conseil de s\u00e9curit\u00e9 sur la question de Palestine ?<\/div><\/a><\/h4><\/div><div id=\"collapse-1-37181\" aria-labelledby=\"faq_1-37181\" class=\"panel-collapse collapse\"><div class=\"panel-body toggle-content post-content\"><p>Le Pr\u00e9sident du Comit\u00e9 fait des d\u00e9clarations lors des s\u00e9ances du Conseil de s\u00e9curit\u00e9 sur la situation au Moyen-Orient, y compris la question de Palestine, tous les trimestres lors de d\u00e9bats publics.<\/p>\n<p><a href=\"https:\/\/www.un.org\/unispal\/committee\/chair-statements\/\">Voir la liste des d\u00e9clarations.<\/a><\/p>\n<\/div><\/div><\/div><div class=\"fusion-panel fusion-toggle-no-divider fusion-toggle-boxed-mode panel-default fusion-faq-post fusion-faq-post-37187 \"><span class=\"entry-title rich-snippet-hidden\">La Newsletter du Comit\u00e9 (en anglais uniquement): de quoi s\u2019agit-il et o\u00f9 la trouver ?<\/span><span class=\"vcard rich-snippet-hidden\"><span class=\"fn\"><a href=\"https:\/\/www.un.org\/unispal\/fr\/author\/baikenjeun-org\/\" title=\"Articles par DPR3\" rel=\"author\">DPR3<\/a><\/span><\/span><span class=\"updated rich-snippet-hidden\">2021-05-28T14:59:11-04:00<\/span><div class=\"panel-heading\"><h4 id=\"faq_1-37187\" class=\"panel-title toggle\"><a data-toggle=\"collapse\" class=\"collapsed\" data-target=\"#collapse-1-37187\" href=\"#collapse-1-37187\" aria-expanded=\"false\"><div class=\"fusion-toggle-icon-wrapper\"><div class=\"fusion-toggle-icon-wrapper-main\"><div class=\"fusion-toggle-icon-wrapper-sub\"><i class=\"fa-fusion-box active-icon awb-icon-minus\" aria-hidden=\"true\"><\/i><i class=\"fa-fusion-box inactive-icon awb-icon-plus\" aria-hidden=\"true\"><\/i><\/div><\/div><\/div><div class=\"fusion-toggle-heading\">La Newsletter du Comit\u00e9 (en anglais uniquement): de quoi s\u2019agit-il et o\u00f9 la trouver ?<\/div><\/a><\/h4><\/div><div id=\"collapse-1-37187\" aria-labelledby=\"faq_1-37187\" class=\"panel-collapse collapse\"><div class=\"panel-body toggle-content post-content\"><p>La Newsletter est un bulletin d\u2019information trimestriel qui pr\u00e9sente les travaux et activit\u00e9s du Comit\u00e9.<\/p>\n<p><u><a href=\"https:\/\/www.un.org\/unispal\/committee\/ceirpp-newsletters\/\">Voir la liste de toutes les publications (en anglais uniquement). <\/a><\/u><\/p>\n<\/div><\/div><\/div><div class=\"fusion-panel fusion-toggle-no-divider fusion-toggle-boxed-mode panel-default fusion-faq-post fusion-faq-post-37193 \"><span class=\"entry-title rich-snippet-hidden\">\u00c0 quelle fr\u00e9quence le Comit\u00e9 se r\u00e9unit-il et o\u00f9 trouver la liste de toutes les r\u00e9unions tenues ?<\/span><span class=\"vcard rich-snippet-hidden\"><span class=\"fn\"><a href=\"https:\/\/www.un.org\/unispal\/fr\/author\/baikenjeun-org\/\" title=\"Articles par DPR3\" rel=\"author\">DPR3<\/a><\/span><\/span><span class=\"updated rich-snippet-hidden\">2021-05-28T14:59:58-04:00<\/span><div class=\"panel-heading\"><h4 id=\"faq_1-37193\" class=\"panel-title toggle\"><a data-toggle=\"collapse\" class=\"collapsed\" data-target=\"#collapse-1-37193\" href=\"#collapse-1-37193\" aria-expanded=\"false\"><div class=\"fusion-toggle-icon-wrapper\"><div class=\"fusion-toggle-icon-wrapper-main\"><div class=\"fusion-toggle-icon-wrapper-sub\"><i class=\"fa-fusion-box active-icon awb-icon-minus\" aria-hidden=\"true\"><\/i><i class=\"fa-fusion-box inactive-icon awb-icon-plus\" aria-hidden=\"true\"><\/i><\/div><\/div><\/div><div class=\"fusion-toggle-heading\">\u00c0 quelle fr\u00e9quence le Comit\u00e9 se r\u00e9unit-il et o\u00f9 trouver la liste de toutes les r\u00e9unions tenues ?<\/div><\/a><\/h4><\/div><div id=\"collapse-1-37193\" aria-labelledby=\"faq_1-37193\" class=\"panel-collapse collapse\"><div class=\"panel-body toggle-content post-content\"><p>Comit\u00e9 se r\u00e9unit quatre \u00e0 six fois par an, selon que de besoin.<\/p>\n<p><u><a href=\"https:\/\/www.un.org\/unispal\/events-page\/committee-meetings\/\">Voir la liste des r\u00e9unions du Comit\u00e9 (en anglais uniquement).<\/a><\/u><\/p>\n<\/div><\/div><\/div><div class=\"fusion-panel fusion-toggle-no-divider fusion-toggle-boxed-mode panel-default fusion-faq-post fusion-faq-post-37199 \"><span class=\"entry-title rich-snippet-hidden\">O\u00f9 trouver plus de renseignements sur les manifestations organis\u00e9es par le Comit\u00e9 ?<\/span><span class=\"vcard rich-snippet-hidden\"><span class=\"fn\"><a href=\"https:\/\/www.un.org\/unispal\/fr\/author\/baikenjeun-org\/\" title=\"Articles par DPR3\" rel=\"author\">DPR3<\/a><\/span><\/span><span class=\"updated rich-snippet-hidden\">2021-05-28T15:02:01-04:00<\/span><div class=\"panel-heading\"><h4 id=\"faq_1-37199\" class=\"panel-title toggle\"><a data-toggle=\"collapse\" class=\"collapsed\" data-target=\"#collapse-1-37199\" href=\"#collapse-1-37199\" aria-expanded=\"false\"><div class=\"fusion-toggle-icon-wrapper\"><div class=\"fusion-toggle-icon-wrapper-main\"><div class=\"fusion-toggle-icon-wrapper-sub\"><i class=\"fa-fusion-box active-icon awb-icon-minus\" aria-hidden=\"true\"><\/i><i class=\"fa-fusion-box inactive-icon awb-icon-plus\" aria-hidden=\"true\"><\/i><\/div><\/div><\/div><div class=\"fusion-toggle-heading\">O\u00f9 trouver plus de renseignements sur les manifestations organis\u00e9es par le Comit\u00e9 ?<\/div><\/a><\/h4><\/div><div id=\"collapse-1-37199\" aria-labelledby=\"faq_1-37199\" class=\"panel-collapse collapse\"><div class=\"panel-body toggle-content post-content\"><ul>\n<li><a href=\"https:\/\/www.un.org\/unispal\/fr\/events\/international-conferences\/\">Consultez la liste des conf\u00e9rences, r\u00e9unions et manifestations internationales.<\/a><\/li>\n<li><a href=\"https:\/\/www.un.org\/unispal\/delegation-visit\/\">Voir la liste des visites de la d\u00e9l\u00e9gation du Comit\u00e9 (en anglais uniquement).<\/a><\/li>\n<\/ul>\n<\/div><\/div><\/div><div class=\"fusion-panel fusion-toggle-no-divider fusion-toggle-boxed-mode panel-default fusion-faq-post fusion-faq-post-37205 \"><span class=\"entry-title rich-snippet-hidden\">Comment le Comit\u00e9 c\u00e9l\u00e8bre-t-il la Journ\u00e9e internationale de solidarit\u00e9 avec le peuple palestinien ?<\/span><span class=\"vcard rich-snippet-hidden\"><span class=\"fn\"><a href=\"https:\/\/www.un.org\/unispal\/fr\/author\/baikenjeun-org\/\" title=\"Articles par DPR3\" rel=\"author\">DPR3<\/a><\/span><\/span><span class=\"updated rich-snippet-hidden\">2021-05-28T15:02:44-04:00<\/span><div class=\"panel-heading\"><h4 id=\"faq_1-37205\" class=\"panel-title toggle\"><a data-toggle=\"collapse\" class=\"collapsed\" data-target=\"#collapse-1-37205\" href=\"#collapse-1-37205\" aria-expanded=\"false\"><div class=\"fusion-toggle-icon-wrapper\"><div class=\"fusion-toggle-icon-wrapper-main\"><div class=\"fusion-toggle-icon-wrapper-sub\"><i class=\"fa-fusion-box active-icon awb-icon-minus\" aria-hidden=\"true\"><\/i><i class=\"fa-fusion-box inactive-icon awb-icon-plus\" aria-hidden=\"true\"><\/i><\/div><\/div><\/div><div class=\"fusion-toggle-heading\">Comment le Comit\u00e9 c\u00e9l\u00e8bre-t-il la Journ\u00e9e internationale de solidarit\u00e9 avec le peuple palestinien ?<\/div><\/a><\/h4><\/div><div id=\"collapse-1-37205\" aria-labelledby=\"faq_1-37205\" class=\"panel-collapse collapse\"><div class=\"panel-body toggle-content post-content\"><p>La Journ\u00e9e internationale de solidarit\u00e9 avec le peuple palestinien est c\u00e9l\u00e9br\u00e9e chaque ann\u00e9e le 29 novembre ou autour de cette date, pour comm\u00e9morer l\u2019adoption par l\u2019Assembl\u00e9e g\u00e9n\u00e9rale, le 29 novembre 1947, de la <a href=\"https:\/\/undocs.org\/fr\/A\/RES\/181%20(II)\">r\u00e9solution 181 (II)<\/a> sur le Plan de partage de la Palestine.<\/p>\n<p>Les c\u00e9l\u00e9brations ont lieu au Si\u00e8ge de l\u2019Organisation des Nations Unies \u00e0 New York, aux Offices des Nations Unies \u00e0 Gen\u00e8ve, \u00e0 Vienne et \u00e0 Nairobi et ailleurs. Elles comportent des r\u00e9unions sp\u00e9ciales faisant intervenir de hauts fonctionnaires des Nations Unies, des organisations intergouvernementales et des repr\u00e9sentantes et repr\u00e9sentants de la soci\u00e9t\u00e9 civile. Des manifestations culturelles sont \u00e9galement au programme.<\/p>\n<p><u><a href=\"https:\/\/www.un.org\/unispal\/fr\/events\/international-day-of-solidarity-with-the-palestinian-people\/\">En savoir plus sur les manifestations organis\u00e9es chaque ann\u00e9e.<\/a><\/u><\/p>\n<\/div><\/div><\/div><div class=\"fusion-panel fusion-toggle-no-divider fusion-toggle-boxed-mode panel-default fusion-faq-post fusion-faq-post-37211 \"><span class=\"entry-title rich-snippet-hidden\">Quels sont les objectifs du programme de renforcement des capacit\u00e9s des fonctionnaires de l\u2019\u00c9tat de Palestine et o\u00f9 trouver plus de renseignements ?<\/span><span class=\"vcard rich-snippet-hidden\"><span class=\"fn\"><a href=\"https:\/\/www.un.org\/unispal\/fr\/author\/baikenjeun-org\/\" title=\"Articles par DPR3\" rel=\"author\">DPR3<\/a><\/span><\/span><span class=\"updated rich-snippet-hidden\">2021-05-28T15:03:50-04:00<\/span><div class=\"panel-heading\"><h4 id=\"faq_1-37211\" class=\"panel-title toggle\"><a data-toggle=\"collapse\" class=\"collapsed\" data-target=\"#collapse-1-37211\" href=\"#collapse-1-37211\" aria-expanded=\"false\"><div class=\"fusion-toggle-icon-wrapper\"><div class=\"fusion-toggle-icon-wrapper-main\"><div class=\"fusion-toggle-icon-wrapper-sub\"><i class=\"fa-fusion-box active-icon awb-icon-minus\" aria-hidden=\"true\"><\/i><i class=\"fa-fusion-box inactive-icon awb-icon-plus\" aria-hidden=\"true\"><\/i><\/div><\/div><\/div><div class=\"fusion-toggle-heading\">Quels sont les objectifs du programme de renforcement des capacit\u00e9s des fonctionnaires de l\u2019\u00c9tat de Palestine et o\u00f9 trouver plus de renseignements ?<\/div><\/a><\/h4><\/div><div id=\"collapse-1-37211\" aria-labelledby=\"faq_1-37211\" class=\"panel-collapse collapse\"><div class=\"panel-body toggle-content post-content\"><p>Dans le cadre du programme de renforcement des capacit\u00e9s, les fonctionnaires de l\u2019\u00c9tat de Palestine sont form\u00e9s en vue de soutenir la construction d\u2019un \u00c9tat ind\u00e9pendant, inclusif et r\u00e9silient.<\/p>\n<p><u><a href=\"https:\/\/www.un.org\/unispal\/capacity-building-programme\/\">Voir la liste des programmes de renforcement des capacit\u00e9s (en anglais uniquement). <\/a><\/u><\/p>\n<\/div><\/div><\/div><div class=\"fusion-panel fusion-toggle-no-divider fusion-toggle-boxed-mode panel-default fusion-faq-post fusion-faq-post-37217 \"><span class=\"entry-title rich-snippet-hidden\">Qu\u2019est-ce que le Syst\u00e8me d\u2019information des Nations Unies sur la question de Palestine (UNISPAL) ?<\/span><span class=\"vcard rich-snippet-hidden\"><span class=\"fn\"><a href=\"https:\/\/www.un.org\/unispal\/fr\/author\/baikenjeun-org\/\" title=\"Articles par DPR3\" rel=\"author\">DPR3<\/a><\/span><\/span><span class=\"updated rich-snippet-hidden\">2021-05-28T15:04:50-04:00<\/span><div class=\"panel-heading\"><h4 id=\"faq_1-37217\" class=\"panel-title toggle\"><a data-toggle=\"collapse\" class=\"collapsed\" data-target=\"#collapse-1-37217\" href=\"#collapse-1-37217\" aria-expanded=\"false\"><div class=\"fusion-toggle-icon-wrapper\"><div class=\"fusion-toggle-icon-wrapper-main\"><div class=\"fusion-toggle-icon-wrapper-sub\"><i class=\"fa-fusion-box active-icon awb-icon-minus\" aria-hidden=\"true\"><\/i><i class=\"fa-fusion-box inactive-icon awb-icon-plus\" aria-hidden=\"true\"><\/i><\/div><\/div><\/div><div class=\"fusion-toggle-heading\">Qu\u2019est-ce que le Syst\u00e8me d\u2019information des Nations Unies sur la question de Palestine (UNISPAL) ?<\/div><\/a><\/h4><\/div><div id=\"collapse-1-37217\" aria-labelledby=\"faq_1-37217\" class=\"panel-collapse collapse\"><div class=\"panel-body toggle-content post-content\"><p>Le Syst\u00e8me d\u2019information des Nations Unies sur la question de Palestine (UNISPAL) est un recueil de contenus actuels et historiques des Nations Unies concernant la question de Palestine ainsi que d\u2019autres questions li\u00e9es \u00e0 la situation au Moyen-Orient et \u00e0 la recherche de la paix. L\u2019UNISPAL, cr\u00e9\u00e9 et d\u00e9velopp\u00e9 par la Division des droits des Palestiniens, rassemble principalement de la documentation en anglais, et de plus en plus de documents dans les autres langues officielles de l\u2019ONU.<\/p>\n<p><u><a href=\"https:\/\/www.un.org\/unispal\/fr\/data-collection\/\">En savoir plus<\/a><\/u><\/p>\n<p>&nbsp;<\/p>\n<\/div><\/div><\/div><div class=\"fusion-panel fusion-toggle-no-divider fusion-toggle-boxed-mode panel-default fusion-faq-post fusion-faq-post-37223 \"><span class=\"entry-title rich-snippet-hidden\">O\u00f9 trouver des documents actuels et historiques des Nations Unies concernant la question de la Palestine ?<\/span><span class=\"vcard rich-snippet-hidden\"><span class=\"fn\"><a href=\"https:\/\/www.un.org\/unispal\/fr\/author\/baikenjeun-org\/\" title=\"Articles par DPR3\" rel=\"author\">DPR3<\/a><\/span><\/span><span class=\"updated rich-snippet-hidden\">2021-05-28T15:05:41-04:00<\/span><div class=\"panel-heading\"><h4 id=\"faq_1-37223\" class=\"panel-title toggle\"><a data-toggle=\"collapse\" class=\"collapsed\" data-target=\"#collapse-1-37223\" href=\"#collapse-1-37223\" aria-expanded=\"false\"><div class=\"fusion-toggle-icon-wrapper\"><div class=\"fusion-toggle-icon-wrapper-main\"><div class=\"fusion-toggle-icon-wrapper-sub\"><i class=\"fa-fusion-box active-icon awb-icon-minus\" aria-hidden=\"true\"><\/i><i class=\"fa-fusion-box inactive-icon awb-icon-plus\" aria-hidden=\"true\"><\/i><\/div><\/div><\/div><div class=\"fusion-toggle-heading\">O\u00f9 trouver des documents actuels et historiques des Nations Unies concernant la question de la Palestine ?<\/div><\/a><\/h4><\/div><div id=\"collapse-1-37223\" aria-labelledby=\"faq_1-37223\" class=\"panel-collapse collapse\"><div class=\"panel-body toggle-content post-content\"><p><u><a href=\"https:\/\/www.un.org\/unispal\/documents\/\">Faire une recherche dans la base de donn\u00e9es de l\u2019UNISPAL.<\/a><\/u><\/p>\n<\/div><\/div><\/div><div class=\"fusion-panel fusion-toggle-no-divider fusion-toggle-boxed-mode panel-default fusion-faq-post fusion-faq-post-37229 \"><span class=\"entry-title rich-snippet-hidden\">De quoi traite le Bulletin mensuel et o\u00f9 trouver d\u2019autres publications ?<\/span><span class=\"vcard rich-snippet-hidden\"><span class=\"fn\"><a href=\"https:\/\/www.un.org\/unispal\/fr\/author\/baikenjeun-org\/\" title=\"Articles par DPR3\" rel=\"author\">DPR3<\/a><\/span><\/span><span class=\"updated rich-snippet-hidden\">2021-05-28T15:06:28-04:00<\/span><div class=\"panel-heading\"><h4 id=\"faq_1-37229\" class=\"panel-title toggle\"><a data-toggle=\"collapse\" class=\"collapsed\" data-target=\"#collapse-1-37229\" href=\"#collapse-1-37229\" aria-expanded=\"false\"><div class=\"fusion-toggle-icon-wrapper\"><div class=\"fusion-toggle-icon-wrapper-main\"><div class=\"fusion-toggle-icon-wrapper-sub\"><i class=\"fa-fusion-box active-icon awb-icon-minus\" aria-hidden=\"true\"><\/i><i class=\"fa-fusion-box inactive-icon awb-icon-plus\" aria-hidden=\"true\"><\/i><\/div><\/div><\/div><div class=\"fusion-toggle-heading\">De quoi traite le Bulletin mensuel et o\u00f9 trouver d\u2019autres publications ?<\/div><\/a><\/h4><\/div><div id=\"collapse-1-37229\" aria-labelledby=\"faq_1-37229\" class=\"panel-collapse collapse\"><div class=\"panel-body toggle-content post-content\"><p>Le Bulletin mensuel comprend tous les documents et r\u00e9solutions importants relatifs \u00e0 la question de Palestine qui sont publi\u00e9s par le syst\u00e8me des Nations Unies et des organisations intergouvernementales. Le bulletin hebdomadaire <a href=\"https:\/\/www.un.org\/unispal\/data-collection\/civil-society\/ngo-action-news\/\">NGO Action News<\/a> donne des informations sur les activit\u00e9s men\u00e9es par la soci\u00e9t\u00e9 civile. Deux autres publications annuelles couvrent les <a href=\"https:\/\/www.un.org\/unispal\/wp-content\/uploads\/2020\/04\/2019FR-Annual-Compilation-of-UN-resolutions-on-Palestine_FINAL.pdf\">r\u00e9solutions e<\/a>t les <a href=\"https:\/\/www.un.org\/unispal\/document\/annual-compilation-of-united-nations-reports-on-the-question-of-palestine-2020-vol-ii\/\">rapports des organes de l\u2019ONU<\/a> sur la question de Palestine.<\/p>\n<p><u><a href=\"https:\/\/www.un.org\/unispal\/data-collection\/monthly-bulletin\/\">Voir la liste de tous les bulletins mensuels (en anglais uniquement) <\/a><\/u><\/p>\n<\/div><\/div><\/div><div class=\"fusion-panel fusion-toggle-no-divider fusion-toggle-boxed-mode panel-default fusion-faq-post fusion-faq-post-37235 \"><span class=\"entry-title rich-snippet-hidden\">O\u00f9 trouver les r\u00e9solutions des organes de l\u2019ONU sur la question de Palestine ?<\/span><span class=\"vcard rich-snippet-hidden\"><span class=\"fn\"><a href=\"https:\/\/www.un.org\/unispal\/fr\/author\/baikenjeun-org\/\" title=\"Articles par DPR3\" rel=\"author\">DPR3<\/a><\/span><\/span><span class=\"updated rich-snippet-hidden\">2021-05-28T15:09:52-04:00<\/span><div class=\"panel-heading\"><h4 id=\"faq_1-37235\" class=\"panel-title toggle\"><a data-toggle=\"collapse\" class=\"collapsed\" data-target=\"#collapse-1-37235\" href=\"#collapse-1-37235\" aria-expanded=\"false\"><div class=\"fusion-toggle-icon-wrapper\"><div class=\"fusion-toggle-icon-wrapper-main\"><div class=\"fusion-toggle-icon-wrapper-sub\"><i class=\"fa-fusion-box active-icon awb-icon-minus\" aria-hidden=\"true\"><\/i><i class=\"fa-fusion-box inactive-icon awb-icon-plus\" aria-hidden=\"true\"><\/i><\/div><\/div><\/div><div class=\"fusion-toggle-heading\">O\u00f9 trouver les r\u00e9solutions des organes de l\u2019ONU sur la question de Palestine ?<\/div><\/a><\/h4><\/div><div id=\"collapse-1-37235\" aria-labelledby=\"faq_1-37235\" class=\"panel-collapse collapse\"><div class=\"panel-body toggle-content post-content\"><p><u><a href=\"https:\/\/www.un.org\/unispal\/fr\/data-collection\/general-assembly\/\">Assembl\u00e9e g\u00e9n\u00e9rale<\/a><\/u><\/p>\n<p><u><a href=\"https:\/\/www.un.org\/unispal\/fr\/data-collection\/security-council\/\">Conseil de s\u00e9curit\u00e9<\/a><\/u><\/p>\n<p><u><a href=\"https:\/\/www.un.org\/unispal\/fr\/human-rights-council-resolutions\/\">Conseil des droits de l\u2019homme<\/a><\/u><\/p>\n<p><u><a href=\"https:\/\/www.un.org\/unispal\/fr\/data-collection\/the-united-nations-economic-and-social-council\/\">Conseil \u00e9conomique et social<\/a><\/u><\/p>\n<\/div><\/div><\/div><\/div><\/div><\/div><\/div><\/div><\/div><\/div><\/div>\n","protected":false},"excerpt":{"rendered":"","protected":false},"author":301,"featured_media":0,"parent":0,"menu_order":0,"comment_status":"closed","ping_status":"closed","template":"","meta":{"footnotes":""},"class_list":["post-37127","page","type-page","status-publish","hentry"],"_links":{"self":[{"href":"https:\/\/www.un.org\/unispal\/fr\/wp-json\/wp\/v2\/pages\/37127","targetHints":{"allow":["GET"]}}],"collection":[{"href":"https:\/\/www.un.org\/unispal\/fr\/wp-json\/wp\/v2\/pages"}],"about":[{"href":"https:\/\/www.un.org\/unispal\/fr\/wp-json\/wp\/v2\/types\/page"}],"author":[{"embeddable":true,"href":"https:\/\/www.un.org\/unispal\/fr\/wp-json\/wp\/v2\/users\/301"}],"replies":[{"embeddable":true,"href":"https:\/\/www.un.org\/unispal\/fr\/wp-json\/wp\/v2\/comments?post=37127"}],"version-history":[{"count":0,"href":"https:\/\/www.un.org\/unispal\/fr\/wp-json\/wp\/v2\/pages\/37127\/revisions"}],"wp:attachment":[{"href":"https:\/\/www.un.org\/unispal\/fr\/wp-json\/wp\/v2\/media?parent=37127"}],"curies":[{"name":"wp","href":"https:\/\/api.w.org\/{rel}","templated":true}]}}