  {"id":813,"date":"2017-02-18T16:21:44","date_gmt":"2017-02-18T16:21:44","guid":{"rendered":"https:\/\/www.dev.un.org\/humansecurity\/?page_id=813"},"modified":"2017-10-05T19:50:58","modified_gmt":"2017-10-05T19:50:58","slug":"what-is-human-security","status":"publish","type":"page","link":"https:\/\/www.un.org\/humansecurity\/fr\/what-is-human-security\/","title":{"rendered":"Qu&#8217;est-ce que la s\u00e9curit\u00e9 humaine ?"},"content":{"rendered":"<p>Aujourd\u2019hui dans le monde, de nombreuses personnes ne sont pas en s\u00e9curit\u00e9 et doivent faire face \u00e0 des menaces prove-nant de fronts multiples. Les crises prolong\u00e9es, les conflits violents, les catastrophes naturelles, la pauvret\u00e9 persistante, les \u00e9pid\u00e9mies et les r\u00e9cessions \u00e9conomiques sont autant d&#8217;\u00e9preuves qui compromettent les perspectives de paix, de stabilit\u00e9 et de d\u00e9veloppement durable. Ces crises sont complexes et entra\u00eenent diverses formes d&#8217;ins\u00e9curit\u00e9 humaine. Lorsque plu-sieurs de ces crises se produisent en m\u00eame temps, leurs effets peuvent se multiplier de mani\u00e8re exponentielle et envahir tous les aspects de la vie des personnes touch\u00e9es, d\u00e9truisant des communaut\u00e9s enti\u00e8res, d\u00e9passant les fronti\u00e8res natio-nales.<\/p>\n<p>Comme l&#8217;a not\u00e9 l&#8217;Assembl\u00e9e g\u00e9n\u00e9rale dans sa r\u00e9solution 66\/290, \u00ab la s\u00e9curit\u00e9 humaine a pour objet d\u2019aider les \u00c9tats Membres \u00e0 cerner les probl\u00e8mes communs et g\u00e9n\u00e9ralis\u00e9s qui compromettent la survie, les moyens de subsistance et la dignit\u00e9 de leurs populations et \u00e0 y rem\u00e9dier \u00bb, et \u00ab appelle des r\u00e9ponses ax\u00e9es sur l\u2019\u00eatre humain, globales, adapt\u00e9es au contexte et centr\u00e9es sur la pr\u00e9vention, qui renforcent la protection et la capacit\u00e9 d\u2019action individuelle et collective \u00bb.<\/p>\n<h3>UN CONCEPT FORT<\/h3>\n<p>Le concept de s\u00e9curit\u00e9 humaine est un cadre de planification et d&#8217;analyse \u00e9prouv\u00e9 qui promeut une action de l&#8217;Organisa-tion des Nations Unies plus globale et davantage ax\u00e9e sur la pr\u00e9vention, dans tous les secteurs, gr\u00e2ce \u00e0 des solutions adapt\u00e9es aux diff\u00e9rents contextes et \u00e0 des partenariats visant \u00e0 aider les populations touch\u00e9es \u00e0 se lib\u00e9rer de la peur et du besoin et \u00e0 lutter contre l\u2019indignit\u00e9.<\/p>\n<h4>De la coordination \u00e0 l&#8217;int\u00e9gration<\/h4>\n<p>L&#8217;application du concept de s\u00e9curit\u00e9 humaine promeut la mise en place d&#8217;actions globales qui s&#8217;attaquent aux causes et aux cons\u00e9quences multidimensionnelles des crises complexes. Elle appelle par cons\u00e9quent des interventions concert\u00e9es de la part d&#8217;un r\u00e9seau de parties prenantes pour assurer une r\u00e9ponse durable aux d\u00e9ficits les plus importants en mati\u00e8re de paix et de d\u00e9veloppement.<\/p>\n<h4>Promouvoir les partenariats multipartites<\/h4>\n<p>La s\u00e9curit\u00e9 humaine appelle les comp\u00e9tences et les ressources d&#8217;un large \u00e9ventail d&#8217;acteurs issus du syst\u00e8me des Nations Unies, des gouvernements, du secteur priv\u00e9, de la soci\u00e9t\u00e9 civile et des communaut\u00e9s locales. En travaillant ensemble, ces diff\u00e9rents acteurs mettent \u00e0 profit leurs points forts respectifs et les synergies existantes.<\/p>\n<h4>Adapter l&#8217;action aux besoins locaux et ne pas faire de laiss\u00e9s-pour-compte<\/h4>\n<p>En tenant compte du fait que les crises n&#8217;ont pas les m\u00eames causes et se manifestent diff\u00e9remment d&#8217;un pays \u00e0 l&#8217;autre et d&#8217;une communaut\u00e9 \u00e0 l&#8217;autre, le concept de s\u00e9curit\u00e9 humaine encourage des interventions adapt\u00e9es aux r\u00e9alit\u00e9s locales. Il permet ainsi d&#8217;adapter les grands programmes nationaux et internationaux \u00e0 l&#8217;\u00e9chelle locale pour ne pas faire de laiss\u00e9s-pour-compte.<\/p>\n<h4>Pr\u00e9vention et r\u00e9silience<\/h4>\n<p>La pr\u00e9vention est l&#8217;objectif premier du concept de s\u00e9curit\u00e9 humaine. Il s&#8217;attaque aux causes profondes des fragilit\u00e9s, se concentre sur les risques \u00e9mergents et promeut une action rapide. Il permet d&#8217;am\u00e9liorer la r\u00e9silience des communaut\u00e9s locales en renfor\u00e7ant leurs capacit\u00e9s, met en avant des solutions porteuses de coh\u00e9sion sociale et promeut le respect des droits de l\u2019homme et de la dignit\u00e9.<\/p>\n<h3>UN CONCEPT \u00c0 L\u2019UTILIT\u00c9 D\u00c9MONTR\u00c9E POUR LA MISE EN \u0152UVRE DES MESURES PRIORITAIRES<\/h3>\n<p>Le bilan des programmes qui appliquent le concept de s\u00e9curit\u00e9 humaine et sont financ\u00e9s par le Fonds d&#8217;affectation sp\u00e9-ciale des Nations Unies pour la s\u00e9curit\u00e9 humaine est \u00e9tabli et leur efficacit\u00e9 n&#8217;est plus \u00e0 d\u00e9montrer. Ils ont permis de ren-forcer l&#8217;appui apport\u00e9 par l&#8217;ONU aux \u00c9tats Membres pour les aider \u00e0 am\u00e9liorer leur r\u00e9silience face aux changements clima-tiques et aux catastrophes naturelles; \u00e0 promouvoir des soci\u00e9t\u00e9s pacifiques et ouvertes \u00e0 tous; \u00e0 s&#8217;attaquer aux causes pro-fondes de la pauvret\u00e9 persistante; et de soutenir la transition d&#8217;une situation de crise humanitaire \u00e0 un d\u00e9veloppement durable \u00e0 long terme. L&#8217;application du concept de s\u00e9curit\u00e9 humaine peut donc renforcer consid\u00e9rablement les mesures prises par l&#8217;Organisation des Nations Unies et ses partenaires pour que les promesses de transformation port\u00e9es par le Pro-gramme de d\u00e9veloppement durable \u00e0 l&#8217;horizon 2030, la D\u00e9claration de New York pour les r\u00e9fugi\u00e9s et les migrants, le Cadre de Sendai pour la r\u00e9duction des risques de catastrophe et la th\u00e9matique de la p\u00e9rennisation de la paix se concr\u00e9ti-sent.<\/p>\n<h3>RESSOURCES<\/h3>\n<p><a href=\"http:\/\/undocs.org\/fr\/A\/RES\/66\/290\">R\u00e9solution adopt\u00e9e par l\u2019Assembl\u00e9e g\u00e9n\u00e9rale le 10 septembre 2012<\/a><\/p>\n<p><a href=\"http:\/\/undocs.org\/fr\/A\/64\/701\">Rapport du Secr\u00e9taire g\u00e9n\u00e9ral sur la s\u00e9curit\u00e9 humaine(A\/64\/701)<\/a><\/p>\n<p><a href=\"\/humansecurity\/human-security-milestones-and-history\/\">Le fonds d&#8217;affectation des Nations Unies pour la s\u00e9curit\u00e9 humaine<\/a><\/p>\n","protected":false},"excerpt":{"rendered":"<p>Aujourd\u2019hui dans le monde, de nombreuses personnes ne sont pas en s\u00e9curit\u00e9 et doivent faire face \u00e0 des menaces prove-nant de fronts multiples. Les crises prolong\u00e9es, les conflits violents, les catastrophes naturelles, la pauvret\u00e9 persistante, les \u00e9pid\u00e9mies et les r\u00e9cessions \u00e9conomiques sont autant d&#8217;\u00e9preuves qui compromettent les perspectives de paix, de stabilit\u00e9 et de d\u00e9veloppement  [&#8230;]<\/p>\n","protected":false},"author":2,"featured_media":4196,"parent":0,"menu_order":0,"comment_status":"closed","ping_status":"closed","template":"","meta":{"footnotes":""},"class_list":["post-813","page","type-page","status-publish","has-post-thumbnail","hentry"],"_links":{"self":[{"href":"https:\/\/www.un.org\/humansecurity\/fr\/wp-json\/wp\/v2\/pages\/813","targetHints":{"allow":["GET"]}}],"collection":[{"href":"https:\/\/www.un.org\/humansecurity\/fr\/wp-json\/wp\/v2\/pages"}],"about":[{"href":"https:\/\/www.un.org\/humansecurity\/fr\/wp-json\/wp\/v2\/types\/page"}],"author":[{"embeddable":true,"href":"https:\/\/www.un.org\/humansecurity\/fr\/wp-json\/wp\/v2\/users\/2"}],"replies":[{"embeddable":true,"href":"https:\/\/www.un.org\/humansecurity\/fr\/wp-json\/wp\/v2\/comments?post=813"}],"version-history":[{"count":0,"href":"https:\/\/www.un.org\/humansecurity\/fr\/wp-json\/wp\/v2\/pages\/813\/revisions"}],"wp:featuredmedia":[{"embeddable":true,"href":"https:\/\/www.un.org\/humansecurity\/fr\/wp-json\/wp\/v2\/media\/4196"}],"wp:attachment":[{"href":"https:\/\/www.un.org\/humansecurity\/fr\/wp-json\/wp\/v2\/media?parent=813"}],"curies":[{"name":"wp","href":"https:\/\/api.w.org\/{rel}","templated":true}]}}